{"id":22356,"date":"2025-07-02T13:54:58","date_gmt":"2025-07-02T13:54:58","guid":{"rendered":"https:\/\/dekoracyjnacegla.pl\/produkt\/abbruchziegel-holender-21-x-45-x-105-cm\/"},"modified":"2025-07-02T13:54:58","modified_gmt":"2025-07-02T13:54:58","slug":"abbruchziegel-holender-21-x-45-x-105-cm","status":"publish","type":"product","link":"https:\/\/dekoracyjnacegla.pl\/de\/produkt\/abbruchziegel-holender-21-x-45-x-105-cm\/","title":{"rendered":"Abbruchziegel Holender 21 x 4,5 x 10,5 cm"},"content":{"rendered":"<div class=\"elementor-element elementor-element-4acc7916 elementor-widget elementor-widget-text-editor\" data-id=\"4acc7916\" data-element_type=\"widget\" data-widget_type=\"text-editor.default\">\n<div class=\"elementor-widget-container\">\n<div class=\"elementor-text-editor elementor-clearfix\">\n<p>Abbruchziegel in einer einzigartigen Gr\u00f6\u00dfe - perfekt f\u00fcr die Verwendung in der Inneneinrichtung oder als Teil einer Au\u00dfenfassade. Der Ziegel misst 21 x 4,5 x 10,5 cm. Ein mit diesem Material verkleidetes Haus garantiert ein hervorragendes Endergebnis.  <\/p>\n<p>Unser Ziegel hat bereits mehrere Auszeichnungen bei verschiedenen Veranstaltungen gewonnen. Die Authentizit\u00e4t und Einzigartigkeit von Ziegeln ist eine Gewissheit f\u00fcr stilvolle Innenr\u00e4ume, Innenr\u00e4ume, die sich abheben sollen. Die Originalit\u00e4t des historischen gebrannten Ziegels beeinflusst das endg\u00fcltige Erscheinungsbild des gesamten Hauses oder der spezifischen Einrichtung, in der wir ihn verwenden.  <\/p>\n<\/div>\n<\/div>\n<\/div>\n<div class=\"elementor-element elementor-element-301123a elementor-widget elementor-widget-divider\" data-id=\"301123a\" data-element_type=\"widget\" data-widget_type=\"divider.default\">\n<div class=\"elementor-widget-container\">\n<div class=\"elementor-divider\"><\/div>\n<\/div>\n<\/div>\n<div class=\"elementor-element elementor-element-256448af elementor-widget elementor-widget-heading\" data-id=\"256448af\" data-element_type=\"widget\" data-widget_type=\"heading.default\">\n<div class=\"elementor-widget-container\">\n<h2 class=\"elementor-heading-title elementor-size-default\">Retro Ziegelsteine<\/h2>\n<\/div>\n<\/div>\n<div class=\"elementor-element elementor-element-0184ba8 elementor-widget elementor-widget-text-editor\" data-id=\"0184ba8\" data-element_type=\"widget\" data-widget_type=\"text-editor.default\">\n<div class=\"elementor-widget-container\">\n<div class=\"elementor-text-editor elementor-clearfix\">\n<p>Die Retro-Ziegel verdanken ihr nat\u00fcrliches Aussehen dem manuellen Abzieh- und Verarbeitungsprozess, durch den sie ihre nat\u00fcrlichen Verf\u00e4rbungen und M\u00f6rtelreste beibehalten k\u00f6nnen.<\/p>\n<\/div>\n<\/div>\n<\/div>\n<div class=\"elementor-element elementor-element-7896b92 elementor-widget elementor-widget-divider\" data-id=\"7896b92\" data-element_type=\"widget\" data-widget_type=\"divider.default\">\n<div class=\"elementor-widget-container\">\n<div class=\"elementor-divider\"><\/div>\n<\/div>\n<\/div>\n<div class=\"elementor-element elementor-element-1b9fdb1 elementor-widget elementor-widget-heading\" data-id=\"1b9fdb1\" data-element_type=\"widget\" data-widget_type=\"heading.default\">\n<div class=\"elementor-widget-container\">\n<h2 class=\"elementor-heading-title elementor-size-default\">Technische Eigenschaften der Ziegel<\/h2>\n<\/div>\n<\/div>\n<div class=\"elementor-element elementor-element-2ff5355 elementor-widget elementor-widget-divider\" data-id=\"2ff5355\" data-element_type=\"widget\" data-widget_type=\"divider.default\">\n<div class=\"elementor-widget-container\">\n<div class=\"elementor-divider\"><\/div>\n<\/div>\n<\/div>\n<div class=\"elementor-element elementor-element-68f3e39 elementor-icon-list--layout-traditional elementor-widget elementor-widget-icon-list\" data-id=\"68f3e39\" data-element_type=\"widget\" data-widget_type=\"icon-list.default\">\n<div class=\"elementor-widget-container\">\n<ul class=\"elementor-icon-list-items\">\n<li class=\"elementor-icon-list-item\"><i class=\"fas fa-record-vinyl\" aria-hidden=\"true\"><\/i><span class=\"elementor-icon-list-text\">Abmessungen: 21 x 4,5 x 10,5 cm<span class=\"OYPEnA text-decoration-none text-strikethrough-none\"> (+-5mm)<\/span><\/span><\/li>\n<li class=\"elementor-icon-list-item\"><i class=\"fas fa-record-vinyl\" aria-hidden=\"true\"><\/i><span class=\"elementor-icon-list-text\">Die Ziegel eignen sich perfekt f\u00fcr K\u00fcchen, B\u00e4der, Bars, Restaurants, Wohn- und Esszimmer, RTV-Wandverkleidungen, f\u00fcr die Verkleidung der Fassade praktisch aller Geb\u00e4ude, als k\u00fcnstlerischer Akzent f\u00fcr Geb\u00e4ude zur F\u00f6rderung von Kultur, Wirtschaft oder \u00f6ffentlichen Geb\u00e4uden.<\/span><\/li>\n<li class=\"elementor-icon-list-item\"><i class=\"fas fa-record-vinyl\" aria-hidden=\"true\"><\/i><span class=\"elementor-icon-list-text\">Der Preis gilt f\u00fcr 1 St\u00fcck, f\u00fcr 1 m2 gibt es 40 Ziegel einschlie\u00dflich 1 cm Fuge.<\/span><\/li>\n<li>Die Verpackung umfasst 760 St\u00fcck pro Palette, das Palettengewicht betr\u00e4gt 1,3 Tonnen.<\/li>\n<\/ul>\n<\/div>\n<\/div>\n","protected":false},"excerpt":{"rendered":"<p>Alte Ziegelsteine\/Abbruchziegel verleihen Ihren Innenr\u00e4umen eine einzigartige Atmosph\u00e4re.<\/p>\n<p><strong>Der Preis gilt f\u00fcr 1 St\u00fcck.<\/strong><\/p>\n<p>Die Palette fasst 760 Ziegel.<\/p>\n<p>Die Palette wiegt 1,3 Tonnen.<\/p>\n<p>&nbsp;<\/p>\n<p data-start=\"118\" data-end=\"310\"><strong data-start=\"118\" data-end=\"173\">Wir bieten Unterst\u00fctzung bei der Installation von Fassadensteinen!<\/strong><br data-start=\"173\" data-end=\"176\">In unserem Angebot finden Sie:<\/p>\n<p data-start=\"118\" data-end=\"310\">\ud83d\udd39 Professionelle Bauchemie<br data-start=\"240\" data-end=\"243\">\ud83d\udd39 Fassadenbeschl\u00e4ge<br data-start=\"266\" data-end=\"269\" data-is-only-node=\"\">\ud83d\udd39 Montagekonsolen zur Befestigung von Ziegeln<\/p>\n<p data-start=\"312\" data-end=\"395\">Wir bieten umfassende L\u00f6sungen f\u00fcr eine dauerhafte und \u00e4sthetisch ansprechende Fassadengestaltung.<\/p>\n","protected":false},"featured_media":22360,"template":"","meta":[],"product_brand":[],"product_cat":[68],"product_tag":[],"class_list":{"0":"post-22356","1":"product","2":"type-product","3":"status-publish","4":"has-post-thumbnail","6":"product_cat-cegla-recznie-formowana","8":"first","9":"onbackorder","10":"shipping-taxable","11":"purchasable","12":"product-type-simple"},"yoast_head":"<!-- This site is optimized with the Yoast SEO plugin v27.4 - https:\/\/yoast.com\/product\/yoast-seo-wordpress\/ -->\n<title>Abbruchziegel Holender 21 x 4,5 x 10,5 cm - Dekoracyjna Ceg\u0142a<\/title>\n<meta name=\"robots\" content=\"index, follow, max-snippet:-1, max-image-preview:large, max-video-preview:-1\" \/>\n<link rel=\"canonical\" href=\"https:\/\/dekoracyjnacegla.pl\/de\/produkt\/abbruchziegel-holender-21-x-45-x-105-cm\/\" \/>\n<meta property=\"og:locale\" content=\"de_DE\" \/>\n<meta property=\"og:type\" content=\"article\" \/>\n<meta property=\"og:title\" content=\"Abbruchziegel Holender 21 x 4,5 x 10,5 cm - Dekoracyjna Ceg\u0142a\" \/>\n<meta property=\"og:description\" content=\"Alte Ziegelsteine\/Abbruchziegel verleihen Ihren Innenr\u00e4umen eine einzigartige Atmosph\u00e4re. Der Preis gilt f\u00fcr 1 St\u00fcck. Die Palette fasst 760 Ziegel. Die Palette wiegt 1,3 Tonnen. &nbsp; Wir bieten Unterst\u00fctzung bei der Installation von Fassadensteinen!In unserem Angebot finden Sie: \ud83d\udd39 Professionelle Bauchemie\ud83d\udd39 Fassadenbeschl\u00e4ge\ud83d\udd39 Montagekonsolen zur Befestigung von Ziegeln Wir bieten umfassende L\u00f6sungen f\u00fcr eine dauerhafte und \u00e4sthetisch ansprechende Fassadengestaltung.\" \/>\n<meta property=\"og:url\" content=\"https:\/\/dekoracyjnacegla.pl\/de\/produkt\/abbruchziegel-holender-21-x-45-x-105-cm\/\" \/>\n<meta property=\"og:site_name\" content=\"Dekoracyjna Ceg\u0142a\" \/>\n<meta property=\"og:image\" content=\"https:\/\/dekoracyjnacegla.pl\/wp-content\/uploads\/2025\/07\/Circa-21x45x105cm-foto4-scaled.jpg\" \/>\n\t<meta property=\"og:image:width\" content=\"2560\" \/>\n\t<meta property=\"og:image:height\" content=\"1920\" \/>\n\t<meta property=\"og:image:type\" content=\"image\/jpeg\" \/>\n<meta name=\"twitter:card\" content=\"summary_large_image\" \/>\n<meta name=\"twitter:label1\" content=\"Gesch\u00e4tzte Lesezeit\" \/>\n\t<meta name=\"twitter:data1\" content=\"1\u00a0Minute\" \/>\n<script type=\"application\/ld+json\" class=\"yoast-schema-graph\">{\"@context\":\"https:\\\/\\\/schema.org\",\"@graph\":[{\"@type\":\"WebPage\",\"@id\":\"https:\\\/\\\/dekoracyjnacegla.pl\\\/de\\\/produkt\\\/abbruchziegel-holender-21-x-45-x-105-cm\\\/\",\"url\":\"https:\\\/\\\/dekoracyjnacegla.pl\\\/de\\\/produkt\\\/abbruchziegel-holender-21-x-45-x-105-cm\\\/\",\"name\":\"Abbruchziegel Holender 21 x 4,5 x 10,5 cm - Dekoracyjna Ceg\u0142a\",\"isPartOf\":{\"@id\":\"https:\\\/\\\/dekoracyjnacegla.pl\\\/de\\\/#website\"},\"primaryImageOfPage\":{\"@id\":\"https:\\\/\\\/dekoracyjnacegla.pl\\\/de\\\/produkt\\\/abbruchziegel-holender-21-x-45-x-105-cm\\\/#primaryimage\"},\"image\":{\"@id\":\"https:\\\/\\\/dekoracyjnacegla.pl\\\/de\\\/produkt\\\/abbruchziegel-holender-21-x-45-x-105-cm\\\/#primaryimage\"},\"thumbnailUrl\":\"https:\\\/\\\/dekoracyjnacegla.pl\\\/wp-content\\\/uploads\\\/2025\\\/07\\\/Circa-21x45x105cm-foto4-scaled.jpg\",\"datePublished\":\"2025-07-02T13:54:58+00:00\",\"breadcrumb\":{\"@id\":\"https:\\\/\\\/dekoracyjnacegla.pl\\\/de\\\/produkt\\\/abbruchziegel-holender-21-x-45-x-105-cm\\\/#breadcrumb\"},\"inLanguage\":\"de\",\"potentialAction\":[{\"@type\":\"ReadAction\",\"target\":[\"https:\\\/\\\/dekoracyjnacegla.pl\\\/de\\\/produkt\\\/abbruchziegel-holender-21-x-45-x-105-cm\\\/\"]}]},{\"@type\":\"ImageObject\",\"inLanguage\":\"de\",\"@id\":\"https:\\\/\\\/dekoracyjnacegla.pl\\\/de\\\/produkt\\\/abbruchziegel-holender-21-x-45-x-105-cm\\\/#primaryimage\",\"url\":\"https:\\\/\\\/dekoracyjnacegla.pl\\\/wp-content\\\/uploads\\\/2025\\\/07\\\/Circa-21x45x105cm-foto4-scaled.jpg\",\"contentUrl\":\"https:\\\/\\\/dekoracyjnacegla.pl\\\/wp-content\\\/uploads\\\/2025\\\/07\\\/Circa-21x45x105cm-foto4-scaled.jpg\",\"width\":2560,\"height\":1920},{\"@type\":\"BreadcrumbList\",\"@id\":\"https:\\\/\\\/dekoracyjnacegla.pl\\\/de\\\/produkt\\\/abbruchziegel-holender-21-x-45-x-105-cm\\\/#breadcrumb\",\"itemListElement\":[{\"@type\":\"ListItem\",\"position\":1,\"name\":\"Strona g\u0142\u00f3wna\",\"item\":\"https:\\\/\\\/dekoracyjnacegla.pl\\\/de\\\/start\\\/\"},{\"@type\":\"ListItem\",\"position\":2,\"name\":\"Sklep\",\"item\":\"https:\\\/\\\/dekoracyjnacegla.pl\\\/sklep\\\/\"},{\"@type\":\"ListItem\",\"position\":3,\"name\":\"Abbruchziegel Holender 21 x 4,5 x 10,5 cm\"}]},{\"@type\":\"WebSite\",\"@id\":\"https:\\\/\\\/dekoracyjnacegla.pl\\\/de\\\/#website\",\"url\":\"https:\\\/\\\/dekoracyjnacegla.pl\\\/de\\\/\",\"name\":\"Dekoracyjna Ceg\u0142a\",\"description\":\"P\u0142ytki z ceg\u0142y | Retro Ceg\u0142a\",\"publisher\":{\"@id\":\"https:\\\/\\\/dekoracyjnacegla.pl\\\/de\\\/#organization\"},\"potentialAction\":[{\"@type\":\"SearchAction\",\"target\":{\"@type\":\"EntryPoint\",\"urlTemplate\":\"https:\\\/\\\/dekoracyjnacegla.pl\\\/de\\\/?s={search_term_string}\"},\"query-input\":{\"@type\":\"PropertyValueSpecification\",\"valueRequired\":true,\"valueName\":\"search_term_string\"}}],\"inLanguage\":\"de\"},{\"@type\":\"Organization\",\"@id\":\"https:\\\/\\\/dekoracyjnacegla.pl\\\/de\\\/#organization\",\"name\":\"Dekoracyjna Ceg\u0142a\",\"url\":\"https:\\\/\\\/dekoracyjnacegla.pl\\\/de\\\/\",\"logo\":{\"@type\":\"ImageObject\",\"inLanguage\":\"de\",\"@id\":\"https:\\\/\\\/dekoracyjnacegla.pl\\\/de\\\/#\\\/schema\\\/logo\\\/image\\\/\",\"url\":\"https:\\\/\\\/dekoracyjnacegla.pl\\\/wp-content\\\/uploads\\\/2023\\\/10\\\/logo.png\",\"contentUrl\":\"https:\\\/\\\/dekoracyjnacegla.pl\\\/wp-content\\\/uploads\\\/2023\\\/10\\\/logo.png\",\"width\":1199,\"height\":193,\"caption\":\"Dekoracyjna Ceg\u0142a\"},\"image\":{\"@id\":\"https:\\\/\\\/dekoracyjnacegla.pl\\\/de\\\/#\\\/schema\\\/logo\\\/image\\\/\"}}]}<\/script>\n<!-- \/ Yoast SEO plugin. -->","yoast_head_json":{"title":"Abbruchziegel Holender 21 x 4,5 x 10,5 cm - Dekoracyjna Ceg\u0142a","robots":{"index":"index","follow":"follow","max-snippet":"max-snippet:-1","max-image-preview":"max-image-preview:large","max-video-preview":"max-video-preview:-1"},"canonical":"https:\/\/dekoracyjnacegla.pl\/de\/produkt\/abbruchziegel-holender-21-x-45-x-105-cm\/","og_locale":"de_DE","og_type":"article","og_title":"Abbruchziegel Holender 21 x 4,5 x 10,5 cm - Dekoracyjna Ceg\u0142a","og_description":"Alte Ziegelsteine\/Abbruchziegel verleihen Ihren Innenr\u00e4umen eine einzigartige Atmosph\u00e4re. Der Preis gilt f\u00fcr 1 St\u00fcck. Die Palette fasst 760 Ziegel. Die Palette wiegt 1,3 Tonnen. &nbsp; Wir bieten Unterst\u00fctzung bei der Installation von Fassadensteinen!In unserem Angebot finden Sie: \ud83d\udd39 Professionelle Bauchemie\ud83d\udd39 Fassadenbeschl\u00e4ge\ud83d\udd39 Montagekonsolen zur Befestigung von Ziegeln Wir bieten umfassende L\u00f6sungen f\u00fcr eine dauerhafte und \u00e4sthetisch ansprechende Fassadengestaltung.","og_url":"https:\/\/dekoracyjnacegla.pl\/de\/produkt\/abbruchziegel-holender-21-x-45-x-105-cm\/","og_site_name":"Dekoracyjna Ceg\u0142a","og_image":[{"width":2560,"height":1920,"url":"https:\/\/dekoracyjnacegla.pl\/wp-content\/uploads\/2025\/07\/Circa-21x45x105cm-foto4-scaled.jpg","type":"image\/jpeg"}],"twitter_card":"summary_large_image","twitter_misc":{"Gesch\u00e4tzte Lesezeit":"1\u00a0Minute"},"schema":{"@context":"https:\/\/schema.org","@graph":[{"@type":"WebPage","@id":"https:\/\/dekoracyjnacegla.pl\/de\/produkt\/abbruchziegel-holender-21-x-45-x-105-cm\/","url":"https:\/\/dekoracyjnacegla.pl\/de\/produkt\/abbruchziegel-holender-21-x-45-x-105-cm\/","name":"Abbruchziegel Holender 21 x 4,5 x 10,5 cm - Dekoracyjna Ceg\u0142a","isPartOf":{"@id":"https:\/\/dekoracyjnacegla.pl\/de\/#website"},"primaryImageOfPage":{"@id":"https:\/\/dekoracyjnacegla.pl\/de\/produkt\/abbruchziegel-holender-21-x-45-x-105-cm\/#primaryimage"},"image":{"@id":"https:\/\/dekoracyjnacegla.pl\/de\/produkt\/abbruchziegel-holender-21-x-45-x-105-cm\/#primaryimage"},"thumbnailUrl":"https:\/\/dekoracyjnacegla.pl\/wp-content\/uploads\/2025\/07\/Circa-21x45x105cm-foto4-scaled.jpg","datePublished":"2025-07-02T13:54:58+00:00","breadcrumb":{"@id":"https:\/\/dekoracyjnacegla.pl\/de\/produkt\/abbruchziegel-holender-21-x-45-x-105-cm\/#breadcrumb"},"inLanguage":"de","potentialAction":[{"@type":"ReadAction","target":["https:\/\/dekoracyjnacegla.pl\/de\/produkt\/abbruchziegel-holender-21-x-45-x-105-cm\/"]}]},{"@type":"ImageObject","inLanguage":"de","@id":"https:\/\/dekoracyjnacegla.pl\/de\/produkt\/abbruchziegel-holender-21-x-45-x-105-cm\/#primaryimage","url":"https:\/\/dekoracyjnacegla.pl\/wp-content\/uploads\/2025\/07\/Circa-21x45x105cm-foto4-scaled.jpg","contentUrl":"https:\/\/dekoracyjnacegla.pl\/wp-content\/uploads\/2025\/07\/Circa-21x45x105cm-foto4-scaled.jpg","width":2560,"height":1920},{"@type":"BreadcrumbList","@id":"https:\/\/dekoracyjnacegla.pl\/de\/produkt\/abbruchziegel-holender-21-x-45-x-105-cm\/#breadcrumb","itemListElement":[{"@type":"ListItem","position":1,"name":"Strona g\u0142\u00f3wna","item":"https:\/\/dekoracyjnacegla.pl\/de\/start\/"},{"@type":"ListItem","position":2,"name":"Sklep","item":"https:\/\/dekoracyjnacegla.pl\/sklep\/"},{"@type":"ListItem","position":3,"name":"Abbruchziegel Holender 21 x 4,5 x 10,5 cm"}]},{"@type":"WebSite","@id":"https:\/\/dekoracyjnacegla.pl\/de\/#website","url":"https:\/\/dekoracyjnacegla.pl\/de\/","name":"Dekoracyjna Ceg\u0142a","description":"P\u0142ytki z ceg\u0142y | Retro Ceg\u0142a","publisher":{"@id":"https:\/\/dekoracyjnacegla.pl\/de\/#organization"},"potentialAction":[{"@type":"SearchAction","target":{"@type":"EntryPoint","urlTemplate":"https:\/\/dekoracyjnacegla.pl\/de\/?s={search_term_string}"},"query-input":{"@type":"PropertyValueSpecification","valueRequired":true,"valueName":"search_term_string"}}],"inLanguage":"de"},{"@type":"Organization","@id":"https:\/\/dekoracyjnacegla.pl\/de\/#organization","name":"Dekoracyjna Ceg\u0142a","url":"https:\/\/dekoracyjnacegla.pl\/de\/","logo":{"@type":"ImageObject","inLanguage":"de","@id":"https:\/\/dekoracyjnacegla.pl\/de\/#\/schema\/logo\/image\/","url":"https:\/\/dekoracyjnacegla.pl\/wp-content\/uploads\/2023\/10\/logo.png","contentUrl":"https:\/\/dekoracyjnacegla.pl\/wp-content\/uploads\/2023\/10\/logo.png","width":1199,"height":193,"caption":"Dekoracyjna Ceg\u0142a"},"image":{"@id":"https:\/\/dekoracyjnacegla.pl\/de\/#\/schema\/logo\/image\/"}}]}},"_links":{"self":[{"href":"https:\/\/dekoracyjnacegla.pl\/de\/wp-json\/wp\/v2\/product\/22356","targetHints":{"allow":["GET"]}}],"collection":[{"href":"https:\/\/dekoracyjnacegla.pl\/de\/wp-json\/wp\/v2\/product"}],"about":[{"href":"https:\/\/dekoracyjnacegla.pl\/de\/wp-json\/wp\/v2\/types\/product"}],"wp:featuredmedia":[{"embeddable":true,"href":"https:\/\/dekoracyjnacegla.pl\/de\/wp-json\/wp\/v2\/media\/22360"}],"wp:attachment":[{"href":"https:\/\/dekoracyjnacegla.pl\/de\/wp-json\/wp\/v2\/media?parent=22356"}],"wp:term":[{"taxonomy":"product_brand","embeddable":true,"href":"https:\/\/dekoracyjnacegla.pl\/de\/wp-json\/wp\/v2\/product_brand?post=22356"},{"taxonomy":"product_cat","embeddable":true,"href":"https:\/\/dekoracyjnacegla.pl\/de\/wp-json\/wp\/v2\/product_cat?post=22356"},{"taxonomy":"product_tag","embeddable":true,"href":"https:\/\/dekoracyjnacegla.pl\/de\/wp-json\/wp\/v2\/product_tag?post=22356"}],"curies":[{"name":"wp","href":"https:\/\/api.w.org\/{rel}","templated":true}]}}