{"id":23745,"date":"2025-06-03T19:55:52","date_gmt":"2025-06-03T19:55:52","guid":{"rendered":"https:\/\/dekoracyjnacegla.pl\/realizacje\/krankenhaus-fuer-infektionskrankheiten-in-bydgoszcz\/"},"modified":"2026-04-02T10:57:45","modified_gmt":"2026-04-02T10:57:45","slug":"krankenhaus-fuer-infektionskrankheiten-in-bydgoszcz","status":"publish","type":"realization","link":"https:\/\/dekoracyjnacegla.pl\/de\/projekte\/krankenhaus-fuer-infektionskrankheiten-in-bydgoszcz\/","title":{"rendered":"Krankenhaus f\u00fcr Infektionskrankheiten in Bydgoszcz"},"content":{"rendered":"\t\t<div data-elementor-type=\"wp-post\" data-elementor-id=\"23745\" class=\"elementor elementor-23745 elementor-17124\" data-elementor-post-type=\"realization\">\n\t\t\t\t\t\t<section class=\"elementor-section elementor-top-section elementor-element elementor-element-4656332 elementor-section-boxed elementor-section-height-default elementor-section-height-default\" data-id=\"4656332\" data-element_type=\"section\" data-e-type=\"section\">\n\t\t\t\t\t\t<div class=\"elementor-container elementor-column-gap-default\">\n\t\t\t\t\t<div class=\"elementor-column elementor-col-100 elementor-top-column elementor-element elementor-element-76f1568\" data-id=\"76f1568\" data-element_type=\"column\" data-e-type=\"column\">\n\t\t\t<div class=\"elementor-widget-wrap elementor-element-populated\">\n\t\t\t\t\t\t<div class=\"elementor-element elementor-element-4a752af elementor-widget elementor-widget-theme-post-title elementor-page-title elementor-widget-heading\" data-id=\"4a752af\" data-element_type=\"widget\" data-e-type=\"widget\" data-widget_type=\"theme-post-title.default\">\n\t\t\t\t<div class=\"elementor-widget-container\">\n\t\t\t\t\t<h1 class=\"elementor-heading-title elementor-size-default\">Krankenhaus f\u00fcr Infektionskrankheiten in Bydgoszcz<\/h1>\t\t\t\t<\/div>\n\t\t\t\t<\/div>\n\t\t\t\t<div class=\"elementor-element elementor-element-d0ee05d elementor-widget elementor-widget-text-editor\" data-id=\"d0ee05d\" data-element_type=\"widget\" data-e-type=\"widget\" data-widget_type=\"text-editor.default\">\n\t\t\t\t<div class=\"elementor-widget-container\">\n\t\t\t\t\t\t\t\t\t<p>Dies ist ein Beispiel f\u00fcr eine Galeriebeschreibung. Hier k\u00f6nnen Sie das Thema der Fotos, die Umst\u00e4nde, unter denen sie aufgenommen wurden, oder andere Details im Zusammenhang mit der Galerie beschreiben. Der Text kann frei bearbeitet und formatiert werden.  <\/p>\t\t\t\t\t\t\t\t<\/div>\n\t\t\t\t<\/div>\n\t\t\t\t<div class=\"elementor-element elementor-element-0505073 elementor-widget elementor-widget-gallery\" data-id=\"0505073\" data-element_type=\"widget\" data-e-type=\"widget\" data-settings=\"{&quot;overlay_title&quot;:&quot;title&quot;,&quot;lazyload&quot;:&quot;yes&quot;,&quot;gallery_layout&quot;:&quot;grid&quot;,&quot;columns&quot;:4,&quot;columns_tablet&quot;:2,&quot;columns_mobile&quot;:1,&quot;gap&quot;:{&quot;unit&quot;:&quot;px&quot;,&quot;size&quot;:10,&quot;sizes&quot;:[]},&quot;gap_tablet&quot;:{&quot;unit&quot;:&quot;px&quot;,&quot;size&quot;:10,&quot;sizes&quot;:[]},&quot;gap_mobile&quot;:{&quot;unit&quot;:&quot;px&quot;,&quot;size&quot;:10,&quot;sizes&quot;:[]},&quot;link_to&quot;:&quot;file&quot;,&quot;aspect_ratio&quot;:&quot;3:2&quot;,&quot;overlay_background&quot;:&quot;yes&quot;,&quot;content_hover_animation&quot;:&quot;fade-in&quot;}\" data-widget_type=\"gallery.default\">\n\t\t\t\t<div class=\"elementor-widget-container\">\n\t\t\t\t\t\t\t<div class=\"elementor-gallery__container\">\n\t\t\t\t\t\t\t<a class=\"e-gallery-item elementor-gallery-item elementor-animated-content\" href=\"https:\/\/dekoracyjnacegla.pl\/wp-content\/uploads\/2025\/06\/Bydgoszcz-Szpital-Zakazny-1-1.jpeg\" data-elementor-open-lightbox=\"yes\" data-elementor-lightbox-slideshow=\"0505073\" data-elementor-lightbox-title=\"Bydgoszcz Szpital Zaka\u017any (1)\" data-e-action-hash=\"#elementor-action%3Aaction%3Dlightbox%26settings%3DeyJpZCI6MTcxMjksInVybCI6Imh0dHBzOlwvXC9kZWtvcmFjeWpuYWNlZ2xhLnBsXC93cC1jb250ZW50XC91cGxvYWRzXC8yMDI1XC8wNlwvQnlkZ29zemN6LVN6cGl0YWwtWmFrYXpueS0xLTEuanBlZyIsInNsaWRlc2hvdyI6IjA1MDUwNzMifQ%3D%3D\">\n\t\t\t\t\t<div class=\"e-gallery-image elementor-gallery-item__image\" data-thumbnail=\"https:\/\/dekoracyjnacegla.pl\/wp-content\/uploads\/2025\/06\/Bydgoszcz-Szpital-Zakazny-1-1-800x522.jpeg\" data-width=\"800\" data-height=\"522\" aria-label=\"\" role=\"img\" ><\/div>\n\t\t\t\t\t\t\t\t\t\t\t<div class=\"elementor-gallery-item__overlay\"><\/div>\n\t\t\t\t\t\t\t\t\t\t\t\t\t\t\t<div class=\"elementor-gallery-item__content\">\n\t\t\t\t\t\t\t\t\t\t\t\t\t\t<div class=\"elementor-gallery-item__title\">\n\t\t\t\t\t\t\t\t\t\t\t\t\t\t\t\t\t\tBydgoszcz Szpital Zaka\u017any (1)\t\t\t\t\t\t\t\t<\/div>\n\t\t\t\t\t\t\t\t\t\t\t\t<\/div>\n\t\t\t\t\t\t\t\t\t<\/a>\n\t\t\t\t\t\t\t<a class=\"e-gallery-item elementor-gallery-item elementor-animated-content\" href=\"https:\/\/dekoracyjnacegla.pl\/wp-content\/uploads\/2025\/06\/Bydgoszcz-Szpital-Zakazny-3.jpeg\" data-elementor-open-lightbox=\"yes\" data-elementor-lightbox-slideshow=\"0505073\" data-elementor-lightbox-title=\"Bydgoszcz Szpital Zaka\u017any\" data-e-action-hash=\"#elementor-action%3Aaction%3Dlightbox%26settings%3DeyJpZCI6MTcxMzAsInVybCI6Imh0dHBzOlwvXC9kZWtvcmFjeWpuYWNlZ2xhLnBsXC93cC1jb250ZW50XC91cGxvYWRzXC8yMDI1XC8wNlwvQnlkZ29zemN6LVN6cGl0YWwtWmFrYXpueS0zLmpwZWciLCJzbGlkZXNob3ciOiIwNTA1MDczIn0%3D\">\n\t\t\t\t\t<div class=\"e-gallery-image elementor-gallery-item__image\" data-thumbnail=\"https:\/\/dekoracyjnacegla.pl\/wp-content\/uploads\/2025\/06\/Bydgoszcz-Szpital-Zakazny-3-800x488.jpeg\" data-width=\"800\" data-height=\"488\" aria-label=\"\" role=\"img\" ><\/div>\n\t\t\t\t\t\t\t\t\t\t\t<div class=\"elementor-gallery-item__overlay\"><\/div>\n\t\t\t\t\t\t\t\t\t\t\t\t\t\t\t<div class=\"elementor-gallery-item__content\">\n\t\t\t\t\t\t\t\t\t\t\t\t\t\t<div class=\"elementor-gallery-item__title\">\n\t\t\t\t\t\t\t\t\t\t\t\t\t\t\t\t\t\tBydgoszcz Szpital Zaka\u017any\t\t\t\t\t\t\t\t<\/div>\n\t\t\t\t\t\t\t\t\t\t\t\t<\/div>\n\t\t\t\t\t\t\t\t\t<\/a>\n\t\t\t\t\t\t\t<a class=\"e-gallery-item elementor-gallery-item elementor-animated-content\" href=\"https:\/\/dekoracyjnacegla.pl\/wp-content\/uploads\/2025\/06\/Bydgoszcz-Szpital-Zakazny-2-1.jpeg\" data-elementor-open-lightbox=\"yes\" data-elementor-lightbox-slideshow=\"0505073\" data-elementor-lightbox-title=\"Bydgoszcz Szpital Zaka\u017any (2)\" data-e-action-hash=\"#elementor-action%3Aaction%3Dlightbox%26settings%3DeyJpZCI6MTcxMzEsInVybCI6Imh0dHBzOlwvXC9kZWtvcmFjeWpuYWNlZ2xhLnBsXC93cC1jb250ZW50XC91cGxvYWRzXC8yMDI1XC8wNlwvQnlkZ29zemN6LVN6cGl0YWwtWmFrYXpueS0yLTEuanBlZyIsInNsaWRlc2hvdyI6IjA1MDUwNzMifQ%3D%3D\">\n\t\t\t\t\t<div class=\"e-gallery-image elementor-gallery-item__image\" data-thumbnail=\"https:\/\/dekoracyjnacegla.pl\/wp-content\/uploads\/2025\/06\/Bydgoszcz-Szpital-Zakazny-2-1-800x648.jpeg\" data-width=\"800\" data-height=\"648\" aria-label=\"\" role=\"img\" ><\/div>\n\t\t\t\t\t\t\t\t\t\t\t<div class=\"elementor-gallery-item__overlay\"><\/div>\n\t\t\t\t\t\t\t\t\t\t\t\t\t\t\t<div class=\"elementor-gallery-item__content\">\n\t\t\t\t\t\t\t\t\t\t\t\t\t\t<div class=\"elementor-gallery-item__title\">\n\t\t\t\t\t\t\t\t\t\t\t\t\t\t\t\t\t\tBydgoszcz Szpital Zaka\u017any (2)\t\t\t\t\t\t\t\t<\/div>\n\t\t\t\t\t\t\t\t\t\t\t\t<\/div>\n\t\t\t\t\t\t\t\t\t<\/a>\n\t\t\t\t\t\t\t<a class=\"e-gallery-item elementor-gallery-item elementor-animated-content\" href=\"https:\/\/dekoracyjnacegla.pl\/wp-content\/uploads\/2025\/06\/Bydgoszcz.jpeg\" data-elementor-open-lightbox=\"yes\" data-elementor-lightbox-slideshow=\"0505073\" data-elementor-lightbox-title=\"Bydgoszcz\" data-e-action-hash=\"#elementor-action%3Aaction%3Dlightbox%26settings%3DeyJpZCI6MTgwMzcsInVybCI6Imh0dHBzOlwvXC9kZWtvcmFjeWpuYWNlZ2xhLnBsXC93cC1jb250ZW50XC91cGxvYWRzXC8yMDI1XC8wNlwvQnlkZ29zemN6LmpwZWciLCJzbGlkZXNob3ciOiIwNTA1MDczIn0%3D\">\n\t\t\t\t\t<div class=\"e-gallery-image elementor-gallery-item__image\" data-thumbnail=\"https:\/\/dekoracyjnacegla.pl\/wp-content\/uploads\/2025\/06\/Bydgoszcz-800x600.jpeg\" data-width=\"800\" data-height=\"600\" aria-label=\"\" role=\"img\" ><\/div>\n\t\t\t\t\t\t\t\t\t\t\t<div class=\"elementor-gallery-item__overlay\"><\/div>\n\t\t\t\t\t\t\t\t\t\t\t\t\t\t\t<div class=\"elementor-gallery-item__content\">\n\t\t\t\t\t\t\t\t\t\t\t\t\t\t<div class=\"elementor-gallery-item__title\">\n\t\t\t\t\t\t\t\t\t\t\t\t\t\t\t\t\t\tBydgoszcz\t\t\t\t\t\t\t\t<\/div>\n\t\t\t\t\t\t\t\t\t\t\t\t<\/div>\n\t\t\t\t\t\t\t\t\t<\/a>\n\t\t\t\t\t\t\t<a class=\"e-gallery-item elementor-gallery-item elementor-animated-content\" href=\"https:\/\/dekoracyjnacegla.pl\/wp-content\/uploads\/2025\/06\/Bydgoszcz-1.jpeg\" data-elementor-open-lightbox=\"yes\" data-elementor-lightbox-slideshow=\"0505073\" data-elementor-lightbox-title=\"Bydgoszcz (1)\" data-e-action-hash=\"#elementor-action%3Aaction%3Dlightbox%26settings%3DeyJpZCI6MTgwMzksInVybCI6Imh0dHBzOlwvXC9kZWtvcmFjeWpuYWNlZ2xhLnBsXC93cC1jb250ZW50XC91cGxvYWRzXC8yMDI1XC8wNlwvQnlkZ29zemN6LTEuanBlZyIsInNsaWRlc2hvdyI6IjA1MDUwNzMifQ%3D%3D\">\n\t\t\t\t\t<div class=\"e-gallery-image elementor-gallery-item__image\" data-thumbnail=\"https:\/\/dekoracyjnacegla.pl\/wp-content\/uploads\/2025\/06\/Bydgoszcz-1-800x600.jpeg\" data-width=\"800\" data-height=\"600\" aria-label=\"\" role=\"img\" ><\/div>\n\t\t\t\t\t\t\t\t\t\t\t<div class=\"elementor-gallery-item__overlay\"><\/div>\n\t\t\t\t\t\t\t\t\t\t\t\t\t\t\t<div class=\"elementor-gallery-item__content\">\n\t\t\t\t\t\t\t\t\t\t\t\t\t\t<div class=\"elementor-gallery-item__title\">\n\t\t\t\t\t\t\t\t\t\t\t\t\t\t\t\t\t\tBydgoszcz (1)\t\t\t\t\t\t\t\t<\/div>\n\t\t\t\t\t\t\t\t\t\t\t\t<\/div>\n\t\t\t\t\t\t\t\t\t<\/a>\n\t\t\t\t\t<\/div>\n\t\t\t\t\t<\/div>\n\t\t\t\t<\/div>\n\t\t\t\t<div class=\"elementor-element elementor-element-81994ea elementor-align-left elementor-button-outline elementor-widget elementor-widget-button\" data-id=\"81994ea\" data-element_type=\"widget\" data-e-type=\"widget\" data-widget_type=\"button.default\">\n\t\t\t\t<div class=\"elementor-widget-container\">\n\t\t\t\t\t\t\t\t\t<div class=\"elementor-button-wrapper\">\n\t\t\t\t\t<a class=\"elementor-button elementor-button-link elementor-size-sm\" href=\"\/galeria\/\">\n\t\t\t\t\t\t<span class=\"elementor-button-content-wrapper\">\n\t\t\t\t\t\t\t\t\t<span class=\"elementor-button-text\">\u2190 Zur\u00fcck zur Implementierung<\/span>\n\t\t\t\t\t<\/span>\n\t\t\t\t\t<\/a>\n\t\t\t\t<\/div>\n\t\t\t\t\t\t\t\t<\/div>\n\t\t\t\t<\/div>\n\t\t\t\t\t<\/div>\n\t\t<\/div>\n\t\t\t\t\t<\/div>\n\t\t<\/section>\n\t\t\t\t<\/div>\n\t\t","protected":false},"excerpt":{"rendered":"<p>Dies ist ein Beispiel f\u00fcr eine Galeriebeschreibung. Hier k\u00f6nnen Sie das Thema der Fotos, die Umst\u00e4nde, unter denen sie aufgenommen wurden, oder andere Details im Zusammenhang mit der Galerie beschreiben. Der Text kann frei bearbeitet und formatiert werden. Bydgoszcz Szpital Zaka\u017any (1) Bydgoszcz Szpital Zaka\u017any Bydgoszcz Szpital Zaka\u017any (2) Bydgoszcz Bydgoszcz (1) \u2190 Zur\u00fcck zur [&hellip;]<\/p>\n","protected":false},"featured_media":23748,"template":"elementor_header_footer","realization_category":[],"class_list":["post-23745","realization","type-realization","status-publish","has-post-thumbnail","hentry"],"yoast_head":"<!-- This site is optimized with the Yoast SEO plugin v27.4 - https:\/\/yoast.com\/product\/yoast-seo-wordpress\/ -->\n<title>Krankenhaus f\u00fcr Infektionskrankheiten in Bydgoszcz - Dekoracyjna Ceg\u0142a<\/title>\n<meta name=\"description\" content=\"Abriss des Krankenhauses f\u00fcr Infektionskrankheiten in Bydgoszcz\" \/>\n<meta name=\"robots\" content=\"index, follow, max-snippet:-1, max-image-preview:large, max-video-preview:-1\" \/>\n<link rel=\"canonical\" href=\"https:\/\/dekoracyjnacegla.pl\/de\/projekte\/krankenhaus-fuer-infektionskrankheiten-in-bydgoszcz\/\" \/>\n<meta property=\"og:locale\" content=\"de_DE\" \/>\n<meta property=\"og:type\" content=\"article\" \/>\n<meta property=\"og:title\" content=\"Krankenhaus f\u00fcr Infektionskrankheiten in Bydgoszcz - Dekoracyjna Ceg\u0142a\" \/>\n<meta property=\"og:description\" content=\"Abriss des Krankenhauses f\u00fcr Infektionskrankheiten in Bydgoszcz\" \/>\n<meta property=\"og:url\" content=\"https:\/\/dekoracyjnacegla.pl\/de\/projekte\/krankenhaus-fuer-infektionskrankheiten-in-bydgoszcz\/\" \/>\n<meta property=\"og:site_name\" content=\"Dekoracyjna Ceg\u0142a\" \/>\n<meta property=\"article:modified_time\" content=\"2026-04-02T10:57:45+00:00\" \/>\n<meta property=\"og:image\" content=\"https:\/\/dekoracyjnacegla.pl\/wp-content\/uploads\/2025\/06\/Bydgoszcz-Szpital-Zakazny-1.jpeg\" \/>\n\t<meta property=\"og:image:width\" content=\"888\" \/>\n\t<meta property=\"og:image:height\" content=\"579\" \/>\n\t<meta property=\"og:image:type\" content=\"image\/jpeg\" \/>\n<meta name=\"twitter:card\" content=\"summary_large_image\" \/>\n<script type=\"application\/ld+json\" class=\"yoast-schema-graph\">{\"@context\":\"https:\\\/\\\/schema.org\",\"@graph\":[{\"@type\":\"WebPage\",\"@id\":\"https:\\\/\\\/dekoracyjnacegla.pl\\\/de\\\/projekte\\\/krankenhaus-fuer-infektionskrankheiten-in-bydgoszcz\\\/\",\"url\":\"https:\\\/\\\/dekoracyjnacegla.pl\\\/de\\\/projekte\\\/krankenhaus-fuer-infektionskrankheiten-in-bydgoszcz\\\/\",\"name\":\"Krankenhaus f\u00fcr Infektionskrankheiten in Bydgoszcz - Dekoracyjna Ceg\u0142a\",\"isPartOf\":{\"@id\":\"https:\\\/\\\/dekoracyjnacegla.pl\\\/de\\\/#website\"},\"primaryImageOfPage\":{\"@id\":\"https:\\\/\\\/dekoracyjnacegla.pl\\\/de\\\/projekte\\\/krankenhaus-fuer-infektionskrankheiten-in-bydgoszcz\\\/#primaryimage\"},\"image\":{\"@id\":\"https:\\\/\\\/dekoracyjnacegla.pl\\\/de\\\/projekte\\\/krankenhaus-fuer-infektionskrankheiten-in-bydgoszcz\\\/#primaryimage\"},\"thumbnailUrl\":\"https:\\\/\\\/dekoracyjnacegla.pl\\\/wp-content\\\/uploads\\\/2025\\\/06\\\/Bydgoszcz-Szpital-Zakazny-1.jpeg\",\"datePublished\":\"2025-06-03T19:55:52+00:00\",\"dateModified\":\"2026-04-02T10:57:45+00:00\",\"description\":\"Abriss des Krankenhauses f\u00fcr Infektionskrankheiten in Bydgoszcz\",\"breadcrumb\":{\"@id\":\"https:\\\/\\\/dekoracyjnacegla.pl\\\/de\\\/projekte\\\/krankenhaus-fuer-infektionskrankheiten-in-bydgoszcz\\\/#breadcrumb\"},\"inLanguage\":\"de\",\"potentialAction\":[{\"@type\":\"ReadAction\",\"target\":[\"https:\\\/\\\/dekoracyjnacegla.pl\\\/de\\\/projekte\\\/krankenhaus-fuer-infektionskrankheiten-in-bydgoszcz\\\/\"]}]},{\"@type\":\"ImageObject\",\"inLanguage\":\"de\",\"@id\":\"https:\\\/\\\/dekoracyjnacegla.pl\\\/de\\\/projekte\\\/krankenhaus-fuer-infektionskrankheiten-in-bydgoszcz\\\/#primaryimage\",\"url\":\"https:\\\/\\\/dekoracyjnacegla.pl\\\/wp-content\\\/uploads\\\/2025\\\/06\\\/Bydgoszcz-Szpital-Zakazny-1.jpeg\",\"contentUrl\":\"https:\\\/\\\/dekoracyjnacegla.pl\\\/wp-content\\\/uploads\\\/2025\\\/06\\\/Bydgoszcz-Szpital-Zakazny-1.jpeg\",\"width\":888,\"height\":579},{\"@type\":\"BreadcrumbList\",\"@id\":\"https:\\\/\\\/dekoracyjnacegla.pl\\\/de\\\/projekte\\\/krankenhaus-fuer-infektionskrankheiten-in-bydgoszcz\\\/#breadcrumb\",\"itemListElement\":[{\"@type\":\"ListItem\",\"position\":1,\"name\":\"Strona g\u0142\u00f3wna\",\"item\":\"https:\\\/\\\/dekoracyjnacegla.pl\\\/de\\\/start\\\/\"},{\"@type\":\"ListItem\",\"position\":2,\"name\":\"Referenzen\",\"item\":\"https:\\\/\\\/dekoracyjnacegla.pl\\\/de\\\/projekte\\\/\"},{\"@type\":\"ListItem\",\"position\":3,\"name\":\"Krankenhaus f\u00fcr Infektionskrankheiten in Bydgoszcz\"}]},{\"@type\":\"WebSite\",\"@id\":\"https:\\\/\\\/dekoracyjnacegla.pl\\\/de\\\/#website\",\"url\":\"https:\\\/\\\/dekoracyjnacegla.pl\\\/de\\\/\",\"name\":\"Dekoracyjna Ceg\u0142a\",\"description\":\"P\u0142ytki z ceg\u0142y | Retro Ceg\u0142a\",\"publisher\":{\"@id\":\"https:\\\/\\\/dekoracyjnacegla.pl\\\/de\\\/#organization\"},\"potentialAction\":[{\"@type\":\"SearchAction\",\"target\":{\"@type\":\"EntryPoint\",\"urlTemplate\":\"https:\\\/\\\/dekoracyjnacegla.pl\\\/de\\\/?s={search_term_string}\"},\"query-input\":{\"@type\":\"PropertyValueSpecification\",\"valueRequired\":true,\"valueName\":\"search_term_string\"}}],\"inLanguage\":\"de\"},{\"@type\":\"Organization\",\"@id\":\"https:\\\/\\\/dekoracyjnacegla.pl\\\/de\\\/#organization\",\"name\":\"Dekoracyjna Ceg\u0142a\",\"url\":\"https:\\\/\\\/dekoracyjnacegla.pl\\\/de\\\/\",\"logo\":{\"@type\":\"ImageObject\",\"inLanguage\":\"de\",\"@id\":\"https:\\\/\\\/dekoracyjnacegla.pl\\\/de\\\/#\\\/schema\\\/logo\\\/image\\\/\",\"url\":\"https:\\\/\\\/dekoracyjnacegla.pl\\\/wp-content\\\/uploads\\\/2023\\\/10\\\/logo.png\",\"contentUrl\":\"https:\\\/\\\/dekoracyjnacegla.pl\\\/wp-content\\\/uploads\\\/2023\\\/10\\\/logo.png\",\"width\":1199,\"height\":193,\"caption\":\"Dekoracyjna Ceg\u0142a\"},\"image\":{\"@id\":\"https:\\\/\\\/dekoracyjnacegla.pl\\\/de\\\/#\\\/schema\\\/logo\\\/image\\\/\"}}]}<\/script>\n<!-- \/ Yoast SEO plugin. -->","yoast_head_json":{"title":"Krankenhaus f\u00fcr Infektionskrankheiten in Bydgoszcz - Dekoracyjna Ceg\u0142a","description":"Abriss des Krankenhauses f\u00fcr Infektionskrankheiten in Bydgoszcz","robots":{"index":"index","follow":"follow","max-snippet":"max-snippet:-1","max-image-preview":"max-image-preview:large","max-video-preview":"max-video-preview:-1"},"canonical":"https:\/\/dekoracyjnacegla.pl\/de\/projekte\/krankenhaus-fuer-infektionskrankheiten-in-bydgoszcz\/","og_locale":"de_DE","og_type":"article","og_title":"Krankenhaus f\u00fcr Infektionskrankheiten in Bydgoszcz - Dekoracyjna Ceg\u0142a","og_description":"Abriss des Krankenhauses f\u00fcr Infektionskrankheiten in Bydgoszcz","og_url":"https:\/\/dekoracyjnacegla.pl\/de\/projekte\/krankenhaus-fuer-infektionskrankheiten-in-bydgoszcz\/","og_site_name":"Dekoracyjna Ceg\u0142a","article_modified_time":"2026-04-02T10:57:45+00:00","og_image":[{"width":888,"height":579,"url":"https:\/\/dekoracyjnacegla.pl\/wp-content\/uploads\/2025\/06\/Bydgoszcz-Szpital-Zakazny-1.jpeg","type":"image\/jpeg"}],"twitter_card":"summary_large_image","schema":{"@context":"https:\/\/schema.org","@graph":[{"@type":"WebPage","@id":"https:\/\/dekoracyjnacegla.pl\/de\/projekte\/krankenhaus-fuer-infektionskrankheiten-in-bydgoszcz\/","url":"https:\/\/dekoracyjnacegla.pl\/de\/projekte\/krankenhaus-fuer-infektionskrankheiten-in-bydgoszcz\/","name":"Krankenhaus f\u00fcr Infektionskrankheiten in Bydgoszcz - Dekoracyjna Ceg\u0142a","isPartOf":{"@id":"https:\/\/dekoracyjnacegla.pl\/de\/#website"},"primaryImageOfPage":{"@id":"https:\/\/dekoracyjnacegla.pl\/de\/projekte\/krankenhaus-fuer-infektionskrankheiten-in-bydgoszcz\/#primaryimage"},"image":{"@id":"https:\/\/dekoracyjnacegla.pl\/de\/projekte\/krankenhaus-fuer-infektionskrankheiten-in-bydgoszcz\/#primaryimage"},"thumbnailUrl":"https:\/\/dekoracyjnacegla.pl\/wp-content\/uploads\/2025\/06\/Bydgoszcz-Szpital-Zakazny-1.jpeg","datePublished":"2025-06-03T19:55:52+00:00","dateModified":"2026-04-02T10:57:45+00:00","description":"Abriss des Krankenhauses f\u00fcr Infektionskrankheiten in Bydgoszcz","breadcrumb":{"@id":"https:\/\/dekoracyjnacegla.pl\/de\/projekte\/krankenhaus-fuer-infektionskrankheiten-in-bydgoszcz\/#breadcrumb"},"inLanguage":"de","potentialAction":[{"@type":"ReadAction","target":["https:\/\/dekoracyjnacegla.pl\/de\/projekte\/krankenhaus-fuer-infektionskrankheiten-in-bydgoszcz\/"]}]},{"@type":"ImageObject","inLanguage":"de","@id":"https:\/\/dekoracyjnacegla.pl\/de\/projekte\/krankenhaus-fuer-infektionskrankheiten-in-bydgoszcz\/#primaryimage","url":"https:\/\/dekoracyjnacegla.pl\/wp-content\/uploads\/2025\/06\/Bydgoszcz-Szpital-Zakazny-1.jpeg","contentUrl":"https:\/\/dekoracyjnacegla.pl\/wp-content\/uploads\/2025\/06\/Bydgoszcz-Szpital-Zakazny-1.jpeg","width":888,"height":579},{"@type":"BreadcrumbList","@id":"https:\/\/dekoracyjnacegla.pl\/de\/projekte\/krankenhaus-fuer-infektionskrankheiten-in-bydgoszcz\/#breadcrumb","itemListElement":[{"@type":"ListItem","position":1,"name":"Strona g\u0142\u00f3wna","item":"https:\/\/dekoracyjnacegla.pl\/de\/start\/"},{"@type":"ListItem","position":2,"name":"Referenzen","item":"https:\/\/dekoracyjnacegla.pl\/de\/projekte\/"},{"@type":"ListItem","position":3,"name":"Krankenhaus f\u00fcr Infektionskrankheiten in Bydgoszcz"}]},{"@type":"WebSite","@id":"https:\/\/dekoracyjnacegla.pl\/de\/#website","url":"https:\/\/dekoracyjnacegla.pl\/de\/","name":"Dekoracyjna Ceg\u0142a","description":"P\u0142ytki z ceg\u0142y | Retro Ceg\u0142a","publisher":{"@id":"https:\/\/dekoracyjnacegla.pl\/de\/#organization"},"potentialAction":[{"@type":"SearchAction","target":{"@type":"EntryPoint","urlTemplate":"https:\/\/dekoracyjnacegla.pl\/de\/?s={search_term_string}"},"query-input":{"@type":"PropertyValueSpecification","valueRequired":true,"valueName":"search_term_string"}}],"inLanguage":"de"},{"@type":"Organization","@id":"https:\/\/dekoracyjnacegla.pl\/de\/#organization","name":"Dekoracyjna Ceg\u0142a","url":"https:\/\/dekoracyjnacegla.pl\/de\/","logo":{"@type":"ImageObject","inLanguage":"de","@id":"https:\/\/dekoracyjnacegla.pl\/de\/#\/schema\/logo\/image\/","url":"https:\/\/dekoracyjnacegla.pl\/wp-content\/uploads\/2023\/10\/logo.png","contentUrl":"https:\/\/dekoracyjnacegla.pl\/wp-content\/uploads\/2023\/10\/logo.png","width":1199,"height":193,"caption":"Dekoracyjna Ceg\u0142a"},"image":{"@id":"https:\/\/dekoracyjnacegla.pl\/de\/#\/schema\/logo\/image\/"}}]}},"_links":{"self":[{"href":"https:\/\/dekoracyjnacegla.pl\/de\/wp-json\/wp\/v2\/realization\/23745","targetHints":{"allow":["GET"]}}],"collection":[{"href":"https:\/\/dekoracyjnacegla.pl\/de\/wp-json\/wp\/v2\/realization"}],"about":[{"href":"https:\/\/dekoracyjnacegla.pl\/de\/wp-json\/wp\/v2\/types\/realization"}],"version-history":[{"count":1,"href":"https:\/\/dekoracyjnacegla.pl\/de\/wp-json\/wp\/v2\/realization\/23745\/revisions"}],"predecessor-version":[{"id":23758,"href":"https:\/\/dekoracyjnacegla.pl\/de\/wp-json\/wp\/v2\/realization\/23745\/revisions\/23758"}],"wp:featuredmedia":[{"embeddable":true,"href":"https:\/\/dekoracyjnacegla.pl\/de\/wp-json\/wp\/v2\/media\/23748"}],"wp:attachment":[{"href":"https:\/\/dekoracyjnacegla.pl\/de\/wp-json\/wp\/v2\/media?parent=23745"}],"wp:term":[{"taxonomy":"realization_category","embeddable":true,"href":"https:\/\/dekoracyjnacegla.pl\/de\/wp-json\/wp\/v2\/realization_category?post=23745"}],"curies":[{"name":"wp","href":"https:\/\/api.w.org\/{rel}","templated":true}]}}