{"id":23962,"date":"2025-06-06T11:32:23","date_gmt":"2025-06-06T11:32:23","guid":{"rendered":"https:\/\/dekoracyjnacegla.pl\/realizacje\/turek-ul-motlawska-2-wyspa-spichrzow-gdansk\/"},"modified":"2026-04-02T11:00:03","modified_gmt":"2026-04-02T11:00:03","slug":"turek-ul-motlawska-2-wyspa-spichrzow-gdansk","status":"publish","type":"realization","link":"https:\/\/dekoracyjnacegla.pl\/de\/projekte\/turek-ul-motlawska-2-wyspa-spichrzow-gdansk\/","title":{"rendered":"Turek ul Mot\u0142awska 2 Wyspa Spichrz\u00f3w Gda\u0144sk"},"content":{"rendered":"\t\t<div data-elementor-type=\"wp-post\" data-elementor-id=\"23962\" class=\"elementor elementor-23962 elementor-17536\" data-elementor-post-type=\"realization\">\n\t\t\t\t\t\t<section class=\"elementor-section elementor-top-section elementor-element elementor-element-4656332 elementor-section-boxed elementor-section-height-default elementor-section-height-default\" data-id=\"4656332\" data-element_type=\"section\" data-e-type=\"section\">\n\t\t\t\t\t\t<div class=\"elementor-container elementor-column-gap-default\">\n\t\t\t\t\t<div class=\"elementor-column elementor-col-100 elementor-top-column elementor-element elementor-element-76f1568\" data-id=\"76f1568\" data-element_type=\"column\" data-e-type=\"column\">\n\t\t\t<div class=\"elementor-widget-wrap elementor-element-populated\">\n\t\t\t\t\t\t<div class=\"elementor-element elementor-element-4a752af elementor-widget elementor-widget-theme-post-title elementor-page-title elementor-widget-heading\" data-id=\"4a752af\" data-element_type=\"widget\" data-e-type=\"widget\" data-widget_type=\"theme-post-title.default\">\n\t\t\t\t<div class=\"elementor-widget-container\">\n\t\t\t\t\t<h1 class=\"elementor-heading-title elementor-size-default\">Turek ul Mot\u0142awska 2 Wyspa Spichrz\u00f3w Gda\u0144sk<\/h1>\t\t\t\t<\/div>\n\t\t\t\t<\/div>\n\t\t\t\t<div class=\"elementor-element elementor-element-d0ee05d elementor-widget elementor-widget-text-editor\" data-id=\"d0ee05d\" data-element_type=\"widget\" data-e-type=\"widget\" data-widget_type=\"text-editor.default\">\n\t\t\t\t<div class=\"elementor-widget-container\">\n\t\t\t\t\t\t\t\t\t<p><strong>Erweiterung der Fassade \u00fcber der restaurierten Mauer in der Mot\u0142awa Stra\u00dfe 2, Granary Island, Gda\u0144sk <\/strong><\/p><p>Wir sind stolz darauf, unser neuestes Projekt in der Motlawska-Stra\u00dfe 2 auf der malerischen Granary-Insel in Danzig vorzustellen. Das Projekt umfasste die \u00dcberbauung der Fassade \u00fcber einer restaurierten historischen Mauer, wodurch der einzigartige Charakter des Ortes hervorgehoben werden konnte.  <\/p><p>Der obere Teil der Fassade wurde aus hochwertigen, neuen, massiven Handformziegeln gefertigt, was der Fassade ein authentisches, rustikales Aussehen verleiht und die historische Atmosph\u00e4re unterstreicht. Der Fugenm\u00f6rtel wurde sorgf\u00e4ltig ausgew\u00e4hlt und im Farbton Altwei\u00df hergestellt, der sich harmonisch in das Gesamtbild einf\u00fcgt und zur Eleganz beitr\u00e4gt. <\/p><p>Das Endergebnis ist eine Kombination aus moderner Technologie und traditionellem Stil, die sich perfekt in die Architektur der Danziger Altstadt und der Kornkammerinsel einf\u00fcgt. Diese Fassade unterstreicht nicht nur den historischen Charme des Geb\u00e4udes, sondern sorgt auch f\u00fcr Langlebigkeit und Wetterbest\u00e4ndigkeit. <\/p><p>Wenn Sie von einer einzigartigen, stilvollen Fassade tr\u00e4umen, die die Einzigartigkeit Ihrer Immobilie unterstreicht, kontaktieren Sie uns - wir realisieren ein auf Ihre Bed\u00fcrfnisse zugeschnittenes Projekt!<\/p><p data-start=\"948\" data-end=\"1280\">Um <strong data-start=\"965\" data-end=\"1011\">die Sch\u00f6nheit alter Ziegel zu sch\u00fctzen<\/strong> und ihren Charakter f\u00fcr viele Jahre zu bewahren, bieten wir <strong data-start=\"1063\" data-end=\"1099\">spezielle Bauchemie<\/strong> an - Impr\u00e4gniermittel, Schutzmittel und Konservierungsmittel, die vor Feuchtigkeit, Schmutz und Witterungseinfl\u00fcssen sch\u00fctzen, ohne das nat\u00fcrliche Aussehen des Ziegels zu ver\u00e4ndern. Wir bieten auch Konsolen an! <\/p><p data-start=\"481\" data-end=\"605\" data-is-last-node=\"\" data-is-only-node=\"\">Haben Sie Fragen zu dieser Implementierung oder m\u00f6chten Sie etwas \u00c4hnliches erstellen?<br data-start=\"553\" data-end=\"556\"><strong data-start=\"556\" data-end=\"582\">Kontaktieren Sie uns:<\/strong><\/p><p><strong><a rel=\"noopener\" data-start=\"583\" data-end=\"605\" data-is-last-node=\"\">dh@dekoracyjnacegla.pl<\/a><\/strong><\/p><p><strong>\ud83d\udcde Telefon\/WhatsApp: +48 797 009 409<\/strong><\/p><p> <\/p>\t\t\t\t\t\t\t\t<\/div>\n\t\t\t\t<\/div>\n\t\t\t\t<div class=\"elementor-element elementor-element-0505073 elementor-widget elementor-widget-gallery\" data-id=\"0505073\" data-element_type=\"widget\" data-e-type=\"widget\" data-settings=\"{&quot;overlay_title&quot;:&quot;title&quot;,&quot;lazyload&quot;:&quot;yes&quot;,&quot;gallery_layout&quot;:&quot;grid&quot;,&quot;columns&quot;:4,&quot;columns_tablet&quot;:2,&quot;columns_mobile&quot;:1,&quot;gap&quot;:{&quot;unit&quot;:&quot;px&quot;,&quot;size&quot;:10,&quot;sizes&quot;:[]},&quot;gap_tablet&quot;:{&quot;unit&quot;:&quot;px&quot;,&quot;size&quot;:10,&quot;sizes&quot;:[]},&quot;gap_mobile&quot;:{&quot;unit&quot;:&quot;px&quot;,&quot;size&quot;:10,&quot;sizes&quot;:[]},&quot;link_to&quot;:&quot;file&quot;,&quot;aspect_ratio&quot;:&quot;3:2&quot;,&quot;overlay_background&quot;:&quot;yes&quot;,&quot;content_hover_animation&quot;:&quot;fade-in&quot;}\" data-widget_type=\"gallery.default\">\n\t\t\t\t<div class=\"elementor-widget-container\">\n\t\t\t\t\t\t\t<div class=\"elementor-gallery__container\">\n\t\t\t\t\t\t\t<a class=\"e-gallery-item elementor-gallery-item elementor-animated-content\" href=\"https:\/\/dekoracyjnacegla.pl\/wp-content\/uploads\/2025\/06\/glowne-1.jpg\" data-elementor-open-lightbox=\"yes\" data-elementor-lightbox-slideshow=\"0505073\" data-elementor-lightbox-title=\"Turek ul Mot\u0142awska 2 Kornspeicherinsel Danzig \u00dcberbau der Fassade \u00fcber renoviertem altem Gem\u00e4uer Oberteil aus neuem Vollziegel Handstrichfuge altwei\u00df\" data-e-action-hash=\"#elementor-action%3Aaction%3Dlightbox%26settings%3DeyJpZCI6MjEyNzAsInVybCI6Imh0dHBzOlwvXC9kZWtvcmFjeWpuYWNlZ2xhLnBsXC93cC1jb250ZW50XC91cGxvYWRzXC8yMDI1XC8wNlwvZ2xvd25lLTEuanBnIiwic2xpZGVzaG93IjoiMDUwNTA3MyJ9\">\n\t\t\t\t\t<div class=\"e-gallery-image elementor-gallery-item__image\" data-thumbnail=\"https:\/\/dekoracyjnacegla.pl\/wp-content\/uploads\/2025\/06\/glowne-1-800x600.jpg\" data-width=\"800\" data-height=\"600\" aria-label=\"\" role=\"img\" ><\/div>\n\t\t\t\t\t\t\t\t\t\t\t<div class=\"elementor-gallery-item__overlay\"><\/div>\n\t\t\t\t\t\t\t\t\t\t\t\t\t\t\t<div class=\"elementor-gallery-item__content\">\n\t\t\t\t\t\t\t\t\t\t\t\t\t\t<div class=\"elementor-gallery-item__title\">\n\t\t\t\t\t\t\t\t\t\t\t\t\t\t\t\t\t\tTurek ul Mot\u0142awska 2 Kornspeicherinsel Danzig \u00dcberbau der Fassade \u00fcber renoviertem altem Gem\u00e4uer Oberteil aus neuem Vollziegel Handstrichfuge altwei\u00df\t\t\t\t\t\t\t\t<\/div>\n\t\t\t\t\t\t\t\t\t\t\t\t<\/div>\n\t\t\t\t\t\t\t\t\t<\/a>\n\t\t\t\t\t\t\t<a class=\"e-gallery-item elementor-gallery-item elementor-animated-content\" href=\"https:\/\/dekoracyjnacegla.pl\/wp-content\/uploads\/2025\/06\/ZDJCIE3.jpg\" data-elementor-open-lightbox=\"yes\" data-elementor-lightbox-slideshow=\"0505073\" data-elementor-lightbox-title=\"Turek ulica Mot\u0142awska 2 Wyspa spichrz\u00f3w Gda\u0144sk nadbudowa elewacji nad odrestaurowanym starym murem g\u00f3rna cze\u015b\u0107 wykonana z nowej pe\u0142nej  ceg\u0142y r\u0119cznie formowana fuga stara biel\" data-e-action-hash=\"#elementor-action%3Aaction%3Dlightbox%26settings%3DeyJpZCI6MTc1NDQsInVybCI6Imh0dHBzOlwvXC9kZWtvcmFjeWpuYWNlZ2xhLnBsXC93cC1jb250ZW50XC91cGxvYWRzXC8yMDI1XC8wNlwvWkRKQ0lFMy5qcGciLCJzbGlkZXNob3ciOiIwNTA1MDczIn0%3D\">\n\t\t\t\t\t<div class=\"e-gallery-image elementor-gallery-item__image\" data-thumbnail=\"https:\/\/dekoracyjnacegla.pl\/wp-content\/uploads\/2025\/06\/ZDJCIE3-800x1067.jpg\" data-width=\"800\" data-height=\"1067\" aria-label=\"\" role=\"img\" ><\/div>\n\t\t\t\t\t\t\t\t\t\t\t<div class=\"elementor-gallery-item__overlay\"><\/div>\n\t\t\t\t\t\t\t\t\t\t\t\t\t\t\t<div class=\"elementor-gallery-item__content\">\n\t\t\t\t\t\t\t\t\t\t\t\t\t\t<div class=\"elementor-gallery-item__title\">\n\t\t\t\t\t\t\t\t\t\t\t\t\t\t\t\t\t\tTurek ulica Mot\u0142awska 2 Wyspa spichrz\u00f3w Gda\u0144sk nadbudowa elewacji nad odrestaurowanym starym murem g\u00f3rna cze\u015b\u0107 wykonana z nowej pe\u0142nej  ceg\u0142y r\u0119cznie formowana fuga stara biel\t\t\t\t\t\t\t\t<\/div>\n\t\t\t\t\t\t\t\t\t\t\t\t<\/div>\n\t\t\t\t\t\t\t\t\t<\/a>\n\t\t\t\t\t\t\t<a class=\"e-gallery-item elementor-gallery-item elementor-animated-content\" href=\"https:\/\/dekoracyjnacegla.pl\/wp-content\/uploads\/2025\/06\/ZDJCIE2.jpg\" data-elementor-open-lightbox=\"yes\" data-elementor-lightbox-slideshow=\"0505073\" data-elementor-lightbox-title=\"Turek ulica Mot\u0142awska 2 Wyspa spichrz\u00f3w Gda\u0144sk nadbudowa elewacji nad odrestaurowanym starym murem g\u00f3rna cze\u015b\u0107 wykonana z nowej pe\u0142nej  ceg\u0142y r\u0119cznie formowana fuga stara biel\" data-e-action-hash=\"#elementor-action%3Aaction%3Dlightbox%26settings%3DeyJpZCI6MTc1NDUsInVybCI6Imh0dHBzOlwvXC9kZWtvcmFjeWpuYWNlZ2xhLnBsXC93cC1jb250ZW50XC91cGxvYWRzXC8yMDI1XC8wNlwvWkRKQ0lFMi5qcGciLCJzbGlkZXNob3ciOiIwNTA1MDczIn0%3D\">\n\t\t\t\t\t<div class=\"e-gallery-image elementor-gallery-item__image\" data-thumbnail=\"https:\/\/dekoracyjnacegla.pl\/wp-content\/uploads\/2025\/06\/ZDJCIE2-800x600.jpg\" data-width=\"800\" data-height=\"600\" aria-label=\"\" role=\"img\" ><\/div>\n\t\t\t\t\t\t\t\t\t\t\t<div class=\"elementor-gallery-item__overlay\"><\/div>\n\t\t\t\t\t\t\t\t\t\t\t\t\t\t\t<div class=\"elementor-gallery-item__content\">\n\t\t\t\t\t\t\t\t\t\t\t\t\t\t<div class=\"elementor-gallery-item__title\">\n\t\t\t\t\t\t\t\t\t\t\t\t\t\t\t\t\t\tTurek ulica Mot\u0142awska 2 Wyspa spichrz\u00f3w Gda\u0144sk nadbudowa elewacji nad odrestaurowanym starym murem g\u00f3rna cze\u015b\u0107 wykonana z nowej pe\u0142nej  ceg\u0142y r\u0119cznie formowana fuga stara biel\t\t\t\t\t\t\t\t<\/div>\n\t\t\t\t\t\t\t\t\t\t\t\t<\/div>\n\t\t\t\t\t\t\t\t\t<\/a>\n\t\t\t\t\t\t\t<a class=\"e-gallery-item elementor-gallery-item elementor-animated-content\" href=\"https:\/\/dekoracyjnacegla.pl\/wp-content\/uploads\/2025\/06\/ZDJCIE1.jpg\" data-elementor-open-lightbox=\"yes\" data-elementor-lightbox-slideshow=\"0505073\" data-elementor-lightbox-title=\"Turek ulica Mot\u0142awska 2 Wyspa spichrz\u00f3w Gda\u0144sk nadbudowa elewacji nad odrestaurowanym starym murem g\u00f3rna cze\u015b\u0107 wykonana z nowej pe\u0142nej  ceg\u0142y r\u0119cznie formowana fuga stara biel\" data-e-action-hash=\"#elementor-action%3Aaction%3Dlightbox%26settings%3DeyJpZCI6MTc1NDcsInVybCI6Imh0dHBzOlwvXC9kZWtvcmFjeWpuYWNlZ2xhLnBsXC93cC1jb250ZW50XC91cGxvYWRzXC8yMDI1XC8wNlwvWkRKQ0lFMS5qcGciLCJzbGlkZXNob3ciOiIwNTA1MDczIn0%3D\">\n\t\t\t\t\t<div class=\"e-gallery-image elementor-gallery-item__image\" data-thumbnail=\"https:\/\/dekoracyjnacegla.pl\/wp-content\/uploads\/2025\/06\/ZDJCIE1-800x1067.jpg\" data-width=\"800\" data-height=\"1067\" aria-label=\"\" role=\"img\" ><\/div>\n\t\t\t\t\t\t\t\t\t\t\t<div class=\"elementor-gallery-item__overlay\"><\/div>\n\t\t\t\t\t\t\t\t\t\t\t\t\t\t\t<div class=\"elementor-gallery-item__content\">\n\t\t\t\t\t\t\t\t\t\t\t\t\t\t<div class=\"elementor-gallery-item__title\">\n\t\t\t\t\t\t\t\t\t\t\t\t\t\t\t\t\t\tTurek ulica Mot\u0142awska 2 Wyspa spichrz\u00f3w Gda\u0144sk nadbudowa elewacji nad odrestaurowanym starym murem g\u00f3rna cze\u015b\u0107 wykonana z nowej pe\u0142nej  ceg\u0142y r\u0119cznie formowana fuga stara biel\t\t\t\t\t\t\t\t<\/div>\n\t\t\t\t\t\t\t\t\t\t\t\t<\/div>\n\t\t\t\t\t\t\t\t\t<\/a>\n\t\t\t\t\t\t\t<a class=\"e-gallery-item elementor-gallery-item elementor-animated-content\" href=\"https:\/\/dekoracyjnacegla.pl\/wp-content\/uploads\/2025\/06\/ZDJCIE4.jpg\" data-elementor-open-lightbox=\"yes\" data-elementor-lightbox-slideshow=\"0505073\" data-elementor-lightbox-title=\"Turek ulica Mot\u0142awska 2 Wyspa spichrz\u00f3w Gda\u0144sk nadbudowa elewacji nad odrestaurowanym starym murem g\u00f3rna cze\u015b\u0107 wykonana z nowej pe\u0142nej  ceg\u0142y r\u0119cznie formowana fuga stara biel\" data-e-action-hash=\"#elementor-action%3Aaction%3Dlightbox%26settings%3DeyJpZCI6MTc1NDgsInVybCI6Imh0dHBzOlwvXC9kZWtvcmFjeWpuYWNlZ2xhLnBsXC93cC1jb250ZW50XC91cGxvYWRzXC8yMDI1XC8wNlwvWkRKQ0lFNC5qcGciLCJzbGlkZXNob3ciOiIwNTA1MDczIn0%3D\">\n\t\t\t\t\t<div class=\"e-gallery-image elementor-gallery-item__image\" data-thumbnail=\"https:\/\/dekoracyjnacegla.pl\/wp-content\/uploads\/2025\/06\/ZDJCIE4-800x600.jpg\" data-width=\"800\" data-height=\"600\" aria-label=\"\" role=\"img\" ><\/div>\n\t\t\t\t\t\t\t\t\t\t\t<div class=\"elementor-gallery-item__overlay\"><\/div>\n\t\t\t\t\t\t\t\t\t\t\t\t\t\t\t<div class=\"elementor-gallery-item__content\">\n\t\t\t\t\t\t\t\t\t\t\t\t\t\t<div class=\"elementor-gallery-item__title\">\n\t\t\t\t\t\t\t\t\t\t\t\t\t\t\t\t\t\tTurek ulica Mot\u0142awska 2 Wyspa spichrz\u00f3w Gda\u0144sk nadbudowa elewacji nad odrestaurowanym starym murem g\u00f3rna cze\u015b\u0107 wykonana z nowej pe\u0142nej  ceg\u0142y r\u0119cznie formowana fuga stara biel\t\t\t\t\t\t\t\t<\/div>\n\t\t\t\t\t\t\t\t\t\t\t\t<\/div>\n\t\t\t\t\t\t\t\t\t<\/a>\n\t\t\t\t\t\t\t<a class=\"e-gallery-item elementor-gallery-item elementor-animated-content\" href=\"https:\/\/dekoracyjnacegla.pl\/wp-content\/uploads\/2025\/06\/IMG-20250527-WA0019.jpg\" data-elementor-open-lightbox=\"yes\" data-elementor-lightbox-slideshow=\"0505073\" data-elementor-lightbox-title=\"Turek ulica Mot\u0142awska 2 Wyspa spichrz\u00f3w Gda\u0144sk nadbudowa elewacji nad odrestaurowanym starym murem g\u00f3rna cze\u015b\u0107 wykonana z nowej pe\u0142nej  ceg\u0142y r\u0119cznie formowana fuga stara biel\" data-e-action-hash=\"#elementor-action%3Aaction%3Dlightbox%26settings%3DeyJpZCI6MTc1MzksInVybCI6Imh0dHBzOlwvXC9kZWtvcmFjeWpuYWNlZ2xhLnBsXC93cC1jb250ZW50XC91cGxvYWRzXC8yMDI1XC8wNlwvSU1HLTIwMjUwNTI3LVdBMDAxOS5qcGciLCJzbGlkZXNob3ciOiIwNTA1MDczIn0%3D\">\n\t\t\t\t\t<div class=\"e-gallery-image elementor-gallery-item__image\" data-thumbnail=\"https:\/\/dekoracyjnacegla.pl\/wp-content\/uploads\/2025\/06\/IMG-20250527-WA0019-800x600.jpg\" data-width=\"800\" data-height=\"600\" aria-label=\"\" role=\"img\" ><\/div>\n\t\t\t\t\t\t\t\t\t\t\t<div class=\"elementor-gallery-item__overlay\"><\/div>\n\t\t\t\t\t\t\t\t\t\t\t\t\t\t\t<div class=\"elementor-gallery-item__content\">\n\t\t\t\t\t\t\t\t\t\t\t\t\t\t<div class=\"elementor-gallery-item__title\">\n\t\t\t\t\t\t\t\t\t\t\t\t\t\t\t\t\t\tTurek ulica Mot\u0142awska 2 Wyspa spichrz\u00f3w Gda\u0144sk nadbudowa elewacji nad odrestaurowanym starym murem g\u00f3rna cze\u015b\u0107 wykonana z nowej pe\u0142nej  ceg\u0142y r\u0119cznie formowana fuga stara biel\t\t\t\t\t\t\t\t<\/div>\n\t\t\t\t\t\t\t\t\t\t\t\t<\/div>\n\t\t\t\t\t\t\t\t\t<\/a>\n\t\t\t\t\t\t\t<a class=\"e-gallery-item elementor-gallery-item elementor-animated-content\" href=\"https:\/\/dekoracyjnacegla.pl\/wp-content\/uploads\/2025\/06\/Granaria-Gdansk-Wyspa-Spichrzow-1.jpg\" data-elementor-open-lightbox=\"yes\" data-elementor-lightbox-slideshow=\"0505073\" data-elementor-lightbox-title=\"Turek ulica Mot\u0142awska 2 Wyspa spichrz\u00f3w Gda\u0144sk nadbudowa elewacji nad odrestaurowanym starym murem g\u00f3rna cze\u015b\u0107 wykonana z nowej pe\u0142nej  ceg\u0142y r\u0119cznie formowana fuga stara biel\" data-e-action-hash=\"#elementor-action%3Aaction%3Dlightbox%26settings%3DeyJpZCI6MTc1NDAsInVybCI6Imh0dHBzOlwvXC9kZWtvcmFjeWpuYWNlZ2xhLnBsXC93cC1jb250ZW50XC91cGxvYWRzXC8yMDI1XC8wNlwvR3JhbmFyaWEtR2RhbnNrLVd5c3BhLVNwaWNocnpvdy0xLmpwZyIsInNsaWRlc2hvdyI6IjA1MDUwNzMifQ%3D%3D\">\n\t\t\t\t\t<div class=\"e-gallery-image elementor-gallery-item__image\" data-thumbnail=\"https:\/\/dekoracyjnacegla.pl\/wp-content\/uploads\/2025\/06\/Granaria-Gdansk-Wyspa-Spichrzow-1-800x600.jpg\" data-width=\"800\" data-height=\"600\" aria-label=\"\" role=\"img\" ><\/div>\n\t\t\t\t\t\t\t\t\t\t\t<div class=\"elementor-gallery-item__overlay\"><\/div>\n\t\t\t\t\t\t\t\t\t\t\t\t\t\t\t<div class=\"elementor-gallery-item__content\">\n\t\t\t\t\t\t\t\t\t\t\t\t\t\t<div class=\"elementor-gallery-item__title\">\n\t\t\t\t\t\t\t\t\t\t\t\t\t\t\t\t\t\tTurek ulica Mot\u0142awska 2 Wyspa spichrz\u00f3w Gda\u0144sk nadbudowa elewacji nad odrestaurowanym starym murem g\u00f3rna cze\u015b\u0107 wykonana z nowej pe\u0142nej  ceg\u0142y r\u0119cznie formowana fuga stara biel\t\t\t\t\t\t\t\t<\/div>\n\t\t\t\t\t\t\t\t\t\t\t\t<\/div>\n\t\t\t\t\t\t\t\t\t<\/a>\n\t\t\t\t\t\t\t<a class=\"e-gallery-item elementor-gallery-item elementor-animated-content\" href=\"https:\/\/dekoracyjnacegla.pl\/wp-content\/uploads\/2025\/06\/IMG-20250527-WA0017.jpg\" data-elementor-open-lightbox=\"yes\" data-elementor-lightbox-slideshow=\"0505073\" data-elementor-lightbox-title=\"Turek ulica Mot\u0142awska 2 Wyspa spichrz\u00f3w Gda\u0144sk nadbudowa elewacji nad odrestaurowanym starym murem g\u00f3rna cze\u015b\u0107 wykonana z nowej pe\u0142nej  ceg\u0142y r\u0119cznie formowana fuga stara biel\" data-e-action-hash=\"#elementor-action%3Aaction%3Dlightbox%26settings%3DeyJpZCI6MTc1NDEsInVybCI6Imh0dHBzOlwvXC9kZWtvcmFjeWpuYWNlZ2xhLnBsXC93cC1jb250ZW50XC91cGxvYWRzXC8yMDI1XC8wNlwvSU1HLTIwMjUwNTI3LVdBMDAxNy5qcGciLCJzbGlkZXNob3ciOiIwNTA1MDczIn0%3D\">\n\t\t\t\t\t<div class=\"e-gallery-image elementor-gallery-item__image\" data-thumbnail=\"https:\/\/dekoracyjnacegla.pl\/wp-content\/uploads\/2025\/06\/IMG-20250527-WA0017-800x600.jpg\" data-width=\"800\" data-height=\"600\" aria-label=\"\" role=\"img\" ><\/div>\n\t\t\t\t\t\t\t\t\t\t\t<div class=\"elementor-gallery-item__overlay\"><\/div>\n\t\t\t\t\t\t\t\t\t\t\t\t\t\t\t<div class=\"elementor-gallery-item__content\">\n\t\t\t\t\t\t\t\t\t\t\t\t\t\t<div class=\"elementor-gallery-item__title\">\n\t\t\t\t\t\t\t\t\t\t\t\t\t\t\t\t\t\tTurek ulica Mot\u0142awska 2 Wyspa spichrz\u00f3w Gda\u0144sk nadbudowa elewacji nad odrestaurowanym starym murem g\u00f3rna cze\u015b\u0107 wykonana z nowej pe\u0142nej  ceg\u0142y r\u0119cznie formowana fuga stara biel\t\t\t\t\t\t\t\t<\/div>\n\t\t\t\t\t\t\t\t\t\t\t\t<\/div>\n\t\t\t\t\t\t\t\t\t<\/a>\n\t\t\t\t\t\t\t<a class=\"e-gallery-item elementor-gallery-item elementor-animated-content\" href=\"https:\/\/dekoracyjnacegla.pl\/wp-content\/uploads\/2025\/06\/IMG-20250527-WA0018.jpg\" data-elementor-open-lightbox=\"yes\" data-elementor-lightbox-slideshow=\"0505073\" data-elementor-lightbox-title=\"Turek ulica Mot\u0142awska 2 Wyspa spichrz\u00f3w Gda\u0144sk nadbudowa elewacji nad odrestaurowanym starym murem g\u00f3rna cze\u015b\u0107 wykonana z nowej pe\u0142nej  ceg\u0142y r\u0119cznie formowana fuga stara biel\" data-e-action-hash=\"#elementor-action%3Aaction%3Dlightbox%26settings%3DeyJpZCI6MTc1NDIsInVybCI6Imh0dHBzOlwvXC9kZWtvcmFjeWpuYWNlZ2xhLnBsXC93cC1jb250ZW50XC91cGxvYWRzXC8yMDI1XC8wNlwvSU1HLTIwMjUwNTI3LVdBMDAxOC5qcGciLCJzbGlkZXNob3ciOiIwNTA1MDczIn0%3D\">\n\t\t\t\t\t<div class=\"e-gallery-image elementor-gallery-item__image\" data-thumbnail=\"https:\/\/dekoracyjnacegla.pl\/wp-content\/uploads\/2025\/06\/IMG-20250527-WA0018-800x600.jpg\" data-width=\"800\" data-height=\"600\" aria-label=\"\" role=\"img\" ><\/div>\n\t\t\t\t\t\t\t\t\t\t\t<div class=\"elementor-gallery-item__overlay\"><\/div>\n\t\t\t\t\t\t\t\t\t\t\t\t\t\t\t<div class=\"elementor-gallery-item__content\">\n\t\t\t\t\t\t\t\t\t\t\t\t\t\t<div class=\"elementor-gallery-item__title\">\n\t\t\t\t\t\t\t\t\t\t\t\t\t\t\t\t\t\tTurek ulica Mot\u0142awska 2 Wyspa spichrz\u00f3w Gda\u0144sk nadbudowa elewacji nad odrestaurowanym starym murem g\u00f3rna cze\u015b\u0107 wykonana z nowej pe\u0142nej  ceg\u0142y r\u0119cznie formowana fuga stara biel\t\t\t\t\t\t\t\t<\/div>\n\t\t\t\t\t\t\t\t\t\t\t\t<\/div>\n\t\t\t\t\t\t\t\t\t<\/a>\n\t\t\t\t\t<\/div>\n\t\t\t\t\t<\/div>\n\t\t\t\t<\/div>\n\t\t\t\t<div class=\"elementor-element elementor-element-81994ea elementor-align-left elementor-button-outline elementor-widget elementor-widget-button\" data-id=\"81994ea\" data-element_type=\"widget\" data-e-type=\"widget\" data-widget_type=\"button.default\">\n\t\t\t\t<div class=\"elementor-widget-container\">\n\t\t\t\t\t\t\t\t\t<div class=\"elementor-button-wrapper\">\n\t\t\t\t\t<a class=\"elementor-button elementor-button-link elementor-size-sm\" href=\"\/galeria\/\">\n\t\t\t\t\t\t<span class=\"elementor-button-content-wrapper\">\n\t\t\t\t\t\t\t\t\t<span class=\"elementor-button-text\">\u2190 Zur\u00fcck zur Implementierung<\/span>\n\t\t\t\t\t<\/span>\n\t\t\t\t\t<\/a>\n\t\t\t\t<\/div>\n\t\t\t\t\t\t\t\t<\/div>\n\t\t\t\t<\/div>\n\t\t\t\t\t<\/div>\n\t\t<\/div>\n\t\t\t\t\t<\/div>\n\t\t<\/section>\n\t\t\t\t<\/div>\n\t\t","protected":false},"excerpt":{"rendered":"<p>Erweiterung der Fassade \u00fcber der restaurierten Mauer in der Mot\u0142awa Stra\u00dfe 2, Granary Island, Gda\u0144sk Wir sind stolz darauf, unser neuestes Projekt in der Motlawska-Stra\u00dfe 2 auf der malerischen Granary-Insel in Danzig vorzustellen. Das Projekt umfasste die \u00dcberbauung der Fassade \u00fcber einer restaurierten historischen Mauer, wodurch der einzigartige Charakter des Ortes hervorgehoben werden konnte. Der [&hellip;]<\/p>\n","protected":false},"featured_media":23964,"template":"elementor_header_footer","realization_category":[368,369],"class_list":["post-23962","realization","type-realization","status-publish","has-post-thumbnail","hentry","realization_category-fassaden","realization_category-renovierungen"],"yoast_head":"<!-- This site is optimized with the Yoast SEO plugin v27.4 - https:\/\/yoast.com\/product\/yoast-seo-wordpress\/ -->\n<title>Turek ul Mot\u0142awska 2 Wyspa Spichrz\u00f3w Gda\u0144sk - Dekoracyjna Ceg\u0142a<\/title>\n<meta name=\"description\" content=\"Turek ul Mot\u0142awska 2 Wyspa Spichrz\u00f3w Gda\u0144sk Aufriss \u00fcber renoviertem alten Gem\u00e4uer Oberteil aus neuem Vollziegel Handformfuge alt wei\u00df\" \/>\n<meta name=\"robots\" content=\"index, follow, max-snippet:-1, max-image-preview:large, max-video-preview:-1\" \/>\n<link rel=\"canonical\" href=\"https:\/\/dekoracyjnacegla.pl\/de\/projekte\/turek-ul-motlawska-2-wyspa-spichrzow-gdansk\/\" \/>\n<meta property=\"og:locale\" content=\"de_DE\" \/>\n<meta property=\"og:type\" content=\"article\" \/>\n<meta property=\"og:title\" content=\"Turek ul Mot\u0142awska 2 Wyspa Spichrz\u00f3w Gda\u0144sk - Dekoracyjna Ceg\u0142a\" \/>\n<meta property=\"og:description\" content=\"Turek ul Mot\u0142awska 2 Wyspa Spichrz\u00f3w Gda\u0144sk Aufriss \u00fcber renoviertem alten Gem\u00e4uer Oberteil aus neuem Vollziegel Handformfuge alt wei\u00df\" \/>\n<meta property=\"og:url\" content=\"https:\/\/dekoracyjnacegla.pl\/de\/projekte\/turek-ul-motlawska-2-wyspa-spichrzow-gdansk\/\" \/>\n<meta property=\"og:site_name\" content=\"Dekoracyjna Ceg\u0142a\" \/>\n<meta property=\"article:modified_time\" content=\"2026-04-02T11:00:03+00:00\" \/>\n<meta property=\"og:image\" content=\"https:\/\/dekoracyjnacegla.pl\/wp-content\/uploads\/2025\/06\/glowne.jpg\" \/>\n\t<meta property=\"og:image:width\" content=\"1600\" \/>\n\t<meta property=\"og:image:height\" content=\"1200\" \/>\n\t<meta property=\"og:image:type\" content=\"image\/jpeg\" \/>\n<meta name=\"twitter:card\" content=\"summary_large_image\" \/>\n<meta name=\"twitter:label1\" content=\"Gesch\u00e4tzte Lesezeit\" \/>\n\t<meta name=\"twitter:data1\" content=\"3\u00a0Minuten\" \/>\n<script type=\"application\/ld+json\" class=\"yoast-schema-graph\">{\"@context\":\"https:\\\/\\\/schema.org\",\"@graph\":[{\"@type\":\"WebPage\",\"@id\":\"https:\\\/\\\/dekoracyjnacegla.pl\\\/de\\\/projekte\\\/turek-ul-motlawska-2-wyspa-spichrzow-gdansk\\\/\",\"url\":\"https:\\\/\\\/dekoracyjnacegla.pl\\\/de\\\/projekte\\\/turek-ul-motlawska-2-wyspa-spichrzow-gdansk\\\/\",\"name\":\"Turek ul Mot\u0142awska 2 Wyspa Spichrz\u00f3w Gda\u0144sk - Dekoracyjna Ceg\u0142a\",\"isPartOf\":{\"@id\":\"https:\\\/\\\/dekoracyjnacegla.pl\\\/de\\\/#website\"},\"primaryImageOfPage\":{\"@id\":\"https:\\\/\\\/dekoracyjnacegla.pl\\\/de\\\/projekte\\\/turek-ul-motlawska-2-wyspa-spichrzow-gdansk\\\/#primaryimage\"},\"image\":{\"@id\":\"https:\\\/\\\/dekoracyjnacegla.pl\\\/de\\\/projekte\\\/turek-ul-motlawska-2-wyspa-spichrzow-gdansk\\\/#primaryimage\"},\"thumbnailUrl\":\"https:\\\/\\\/dekoracyjnacegla.pl\\\/wp-content\\\/uploads\\\/2025\\\/06\\\/glowne.jpg\",\"datePublished\":\"2025-06-06T11:32:23+00:00\",\"dateModified\":\"2026-04-02T11:00:03+00:00\",\"description\":\"Turek ul Mot\u0142awska 2 Wyspa Spichrz\u00f3w Gda\u0144sk Aufriss \u00fcber renoviertem alten Gem\u00e4uer Oberteil aus neuem Vollziegel Handformfuge alt wei\u00df\",\"breadcrumb\":{\"@id\":\"https:\\\/\\\/dekoracyjnacegla.pl\\\/de\\\/projekte\\\/turek-ul-motlawska-2-wyspa-spichrzow-gdansk\\\/#breadcrumb\"},\"inLanguage\":\"de\",\"potentialAction\":[{\"@type\":\"ReadAction\",\"target\":[\"https:\\\/\\\/dekoracyjnacegla.pl\\\/de\\\/projekte\\\/turek-ul-motlawska-2-wyspa-spichrzow-gdansk\\\/\"]}]},{\"@type\":\"ImageObject\",\"inLanguage\":\"de\",\"@id\":\"https:\\\/\\\/dekoracyjnacegla.pl\\\/de\\\/projekte\\\/turek-ul-motlawska-2-wyspa-spichrzow-gdansk\\\/#primaryimage\",\"url\":\"https:\\\/\\\/dekoracyjnacegla.pl\\\/wp-content\\\/uploads\\\/2025\\\/06\\\/glowne.jpg\",\"contentUrl\":\"https:\\\/\\\/dekoracyjnacegla.pl\\\/wp-content\\\/uploads\\\/2025\\\/06\\\/glowne.jpg\",\"width\":1600,\"height\":1200},{\"@type\":\"BreadcrumbList\",\"@id\":\"https:\\\/\\\/dekoracyjnacegla.pl\\\/de\\\/projekte\\\/turek-ul-motlawska-2-wyspa-spichrzow-gdansk\\\/#breadcrumb\",\"itemListElement\":[{\"@type\":\"ListItem\",\"position\":1,\"name\":\"Strona g\u0142\u00f3wna\",\"item\":\"https:\\\/\\\/dekoracyjnacegla.pl\\\/de\\\/start\\\/\"},{\"@type\":\"ListItem\",\"position\":2,\"name\":\"Referenzen\",\"item\":\"https:\\\/\\\/dekoracyjnacegla.pl\\\/de\\\/projekte\\\/\"},{\"@type\":\"ListItem\",\"position\":3,\"name\":\"Turek ul Mot\u0142awska 2 Wyspa Spichrz\u00f3w Gda\u0144sk\"}]},{\"@type\":\"WebSite\",\"@id\":\"https:\\\/\\\/dekoracyjnacegla.pl\\\/de\\\/#website\",\"url\":\"https:\\\/\\\/dekoracyjnacegla.pl\\\/de\\\/\",\"name\":\"Dekoracyjna Ceg\u0142a\",\"description\":\"P\u0142ytki z ceg\u0142y | Retro Ceg\u0142a\",\"publisher\":{\"@id\":\"https:\\\/\\\/dekoracyjnacegla.pl\\\/de\\\/#organization\"},\"potentialAction\":[{\"@type\":\"SearchAction\",\"target\":{\"@type\":\"EntryPoint\",\"urlTemplate\":\"https:\\\/\\\/dekoracyjnacegla.pl\\\/de\\\/?s={search_term_string}\"},\"query-input\":{\"@type\":\"PropertyValueSpecification\",\"valueRequired\":true,\"valueName\":\"search_term_string\"}}],\"inLanguage\":\"de\"},{\"@type\":\"Organization\",\"@id\":\"https:\\\/\\\/dekoracyjnacegla.pl\\\/de\\\/#organization\",\"name\":\"Dekoracyjna Ceg\u0142a\",\"url\":\"https:\\\/\\\/dekoracyjnacegla.pl\\\/de\\\/\",\"logo\":{\"@type\":\"ImageObject\",\"inLanguage\":\"de\",\"@id\":\"https:\\\/\\\/dekoracyjnacegla.pl\\\/de\\\/#\\\/schema\\\/logo\\\/image\\\/\",\"url\":\"https:\\\/\\\/dekoracyjnacegla.pl\\\/wp-content\\\/uploads\\\/2023\\\/10\\\/logo.png\",\"contentUrl\":\"https:\\\/\\\/dekoracyjnacegla.pl\\\/wp-content\\\/uploads\\\/2023\\\/10\\\/logo.png\",\"width\":1199,\"height\":193,\"caption\":\"Dekoracyjna Ceg\u0142a\"},\"image\":{\"@id\":\"https:\\\/\\\/dekoracyjnacegla.pl\\\/de\\\/#\\\/schema\\\/logo\\\/image\\\/\"}}]}<\/script>\n<!-- \/ Yoast SEO plugin. -->","yoast_head_json":{"title":"Turek ul Mot\u0142awska 2 Wyspa Spichrz\u00f3w Gda\u0144sk - Dekoracyjna Ceg\u0142a","description":"Turek ul Mot\u0142awska 2 Wyspa Spichrz\u00f3w Gda\u0144sk Aufriss \u00fcber renoviertem alten Gem\u00e4uer Oberteil aus neuem Vollziegel Handformfuge alt wei\u00df","robots":{"index":"index","follow":"follow","max-snippet":"max-snippet:-1","max-image-preview":"max-image-preview:large","max-video-preview":"max-video-preview:-1"},"canonical":"https:\/\/dekoracyjnacegla.pl\/de\/projekte\/turek-ul-motlawska-2-wyspa-spichrzow-gdansk\/","og_locale":"de_DE","og_type":"article","og_title":"Turek ul Mot\u0142awska 2 Wyspa Spichrz\u00f3w Gda\u0144sk - Dekoracyjna Ceg\u0142a","og_description":"Turek ul Mot\u0142awska 2 Wyspa Spichrz\u00f3w Gda\u0144sk Aufriss \u00fcber renoviertem alten Gem\u00e4uer Oberteil aus neuem Vollziegel Handformfuge alt wei\u00df","og_url":"https:\/\/dekoracyjnacegla.pl\/de\/projekte\/turek-ul-motlawska-2-wyspa-spichrzow-gdansk\/","og_site_name":"Dekoracyjna Ceg\u0142a","article_modified_time":"2026-04-02T11:00:03+00:00","og_image":[{"width":1600,"height":1200,"url":"https:\/\/dekoracyjnacegla.pl\/wp-content\/uploads\/2025\/06\/glowne.jpg","type":"image\/jpeg"}],"twitter_card":"summary_large_image","twitter_misc":{"Gesch\u00e4tzte Lesezeit":"3\u00a0Minuten"},"schema":{"@context":"https:\/\/schema.org","@graph":[{"@type":"WebPage","@id":"https:\/\/dekoracyjnacegla.pl\/de\/projekte\/turek-ul-motlawska-2-wyspa-spichrzow-gdansk\/","url":"https:\/\/dekoracyjnacegla.pl\/de\/projekte\/turek-ul-motlawska-2-wyspa-spichrzow-gdansk\/","name":"Turek ul Mot\u0142awska 2 Wyspa Spichrz\u00f3w Gda\u0144sk - Dekoracyjna Ceg\u0142a","isPartOf":{"@id":"https:\/\/dekoracyjnacegla.pl\/de\/#website"},"primaryImageOfPage":{"@id":"https:\/\/dekoracyjnacegla.pl\/de\/projekte\/turek-ul-motlawska-2-wyspa-spichrzow-gdansk\/#primaryimage"},"image":{"@id":"https:\/\/dekoracyjnacegla.pl\/de\/projekte\/turek-ul-motlawska-2-wyspa-spichrzow-gdansk\/#primaryimage"},"thumbnailUrl":"https:\/\/dekoracyjnacegla.pl\/wp-content\/uploads\/2025\/06\/glowne.jpg","datePublished":"2025-06-06T11:32:23+00:00","dateModified":"2026-04-02T11:00:03+00:00","description":"Turek ul Mot\u0142awska 2 Wyspa Spichrz\u00f3w Gda\u0144sk Aufriss \u00fcber renoviertem alten Gem\u00e4uer Oberteil aus neuem Vollziegel Handformfuge alt wei\u00df","breadcrumb":{"@id":"https:\/\/dekoracyjnacegla.pl\/de\/projekte\/turek-ul-motlawska-2-wyspa-spichrzow-gdansk\/#breadcrumb"},"inLanguage":"de","potentialAction":[{"@type":"ReadAction","target":["https:\/\/dekoracyjnacegla.pl\/de\/projekte\/turek-ul-motlawska-2-wyspa-spichrzow-gdansk\/"]}]},{"@type":"ImageObject","inLanguage":"de","@id":"https:\/\/dekoracyjnacegla.pl\/de\/projekte\/turek-ul-motlawska-2-wyspa-spichrzow-gdansk\/#primaryimage","url":"https:\/\/dekoracyjnacegla.pl\/wp-content\/uploads\/2025\/06\/glowne.jpg","contentUrl":"https:\/\/dekoracyjnacegla.pl\/wp-content\/uploads\/2025\/06\/glowne.jpg","width":1600,"height":1200},{"@type":"BreadcrumbList","@id":"https:\/\/dekoracyjnacegla.pl\/de\/projekte\/turek-ul-motlawska-2-wyspa-spichrzow-gdansk\/#breadcrumb","itemListElement":[{"@type":"ListItem","position":1,"name":"Strona g\u0142\u00f3wna","item":"https:\/\/dekoracyjnacegla.pl\/de\/start\/"},{"@type":"ListItem","position":2,"name":"Referenzen","item":"https:\/\/dekoracyjnacegla.pl\/de\/projekte\/"},{"@type":"ListItem","position":3,"name":"Turek ul Mot\u0142awska 2 Wyspa Spichrz\u00f3w Gda\u0144sk"}]},{"@type":"WebSite","@id":"https:\/\/dekoracyjnacegla.pl\/de\/#website","url":"https:\/\/dekoracyjnacegla.pl\/de\/","name":"Dekoracyjna Ceg\u0142a","description":"P\u0142ytki z ceg\u0142y | Retro Ceg\u0142a","publisher":{"@id":"https:\/\/dekoracyjnacegla.pl\/de\/#organization"},"potentialAction":[{"@type":"SearchAction","target":{"@type":"EntryPoint","urlTemplate":"https:\/\/dekoracyjnacegla.pl\/de\/?s={search_term_string}"},"query-input":{"@type":"PropertyValueSpecification","valueRequired":true,"valueName":"search_term_string"}}],"inLanguage":"de"},{"@type":"Organization","@id":"https:\/\/dekoracyjnacegla.pl\/de\/#organization","name":"Dekoracyjna Ceg\u0142a","url":"https:\/\/dekoracyjnacegla.pl\/de\/","logo":{"@type":"ImageObject","inLanguage":"de","@id":"https:\/\/dekoracyjnacegla.pl\/de\/#\/schema\/logo\/image\/","url":"https:\/\/dekoracyjnacegla.pl\/wp-content\/uploads\/2023\/10\/logo.png","contentUrl":"https:\/\/dekoracyjnacegla.pl\/wp-content\/uploads\/2023\/10\/logo.png","width":1199,"height":193,"caption":"Dekoracyjna Ceg\u0142a"},"image":{"@id":"https:\/\/dekoracyjnacegla.pl\/de\/#\/schema\/logo\/image\/"}}]}},"_links":{"self":[{"href":"https:\/\/dekoracyjnacegla.pl\/de\/wp-json\/wp\/v2\/realization\/23962","targetHints":{"allow":["GET"]}}],"collection":[{"href":"https:\/\/dekoracyjnacegla.pl\/de\/wp-json\/wp\/v2\/realization"}],"about":[{"href":"https:\/\/dekoracyjnacegla.pl\/de\/wp-json\/wp\/v2\/types\/realization"}],"version-history":[{"count":1,"href":"https:\/\/dekoracyjnacegla.pl\/de\/wp-json\/wp\/v2\/realization\/23962\/revisions"}],"predecessor-version":[{"id":23965,"href":"https:\/\/dekoracyjnacegla.pl\/de\/wp-json\/wp\/v2\/realization\/23962\/revisions\/23965"}],"wp:featuredmedia":[{"embeddable":true,"href":"https:\/\/dekoracyjnacegla.pl\/de\/wp-json\/wp\/v2\/media\/23964"}],"wp:attachment":[{"href":"https:\/\/dekoracyjnacegla.pl\/de\/wp-json\/wp\/v2\/media?parent=23962"}],"wp:term":[{"taxonomy":"realization_category","embeddable":true,"href":"https:\/\/dekoracyjnacegla.pl\/de\/wp-json\/wp\/v2\/realization_category?post=23962"}],"curies":[{"name":"wp","href":"https:\/\/api.w.org\/{rel}","templated":true}]}}