{"id":24563,"date":"2025-08-07T10:37:39","date_gmt":"2025-08-07T10:37:39","guid":{"rendered":"https:\/\/dekoracyjnacegla.pl\/realizacje\/osiniec-grillo-raeuchereien\/"},"modified":"2026-04-02T11:08:19","modified_gmt":"2026-04-02T11:08:19","slug":"osiniec-grillo-raeuchereien","status":"publish","type":"realization","link":"https:\/\/dekoracyjnacegla.pl\/de\/projekte\/osiniec-grillo-raeuchereien\/","title":{"rendered":"Osiniec Grillo R\u00e4uchereien"},"content":{"rendered":"\t\t<div data-elementor-type=\"wp-post\" data-elementor-id=\"24563\" class=\"elementor elementor-24563 elementor-18746\" data-elementor-post-type=\"realization\">\n\t\t\t\t\t\t<section class=\"elementor-section elementor-top-section elementor-element elementor-element-4656332 elementor-section-boxed elementor-section-height-default elementor-section-height-default\" data-id=\"4656332\" data-element_type=\"section\" data-e-type=\"section\">\n\t\t\t\t\t\t<div class=\"elementor-container elementor-column-gap-default\">\n\t\t\t\t\t<div class=\"elementor-column elementor-col-100 elementor-top-column elementor-element elementor-element-76f1568\" data-id=\"76f1568\" data-element_type=\"column\" data-e-type=\"column\">\n\t\t\t<div class=\"elementor-widget-wrap elementor-element-populated\">\n\t\t\t\t\t\t<div class=\"elementor-element elementor-element-4a752af elementor-widget elementor-widget-theme-post-title elementor-page-title elementor-widget-heading\" data-id=\"4a752af\" data-element_type=\"widget\" data-e-type=\"widget\" data-widget_type=\"theme-post-title.default\">\n\t\t\t\t<div class=\"elementor-widget-container\">\n\t\t\t\t\t<h1 class=\"elementor-heading-title elementor-size-default\">Osiniec Grillo R\u00e4uchereien<\/h1>\t\t\t\t<\/div>\n\t\t\t\t<\/div>\n\t\t\t\t<div class=\"elementor-element elementor-element-d0ee05d elementor-widget elementor-widget-text-editor\" data-id=\"d0ee05d\" data-element_type=\"widget\" data-e-type=\"widget\" data-widget_type=\"text-editor.default\">\n\t\t\t\t<div class=\"elementor-widget-container\">\n\t\t\t\t\t\t\t\t\t<p data-start=\"71\" data-end=\"145\"><strong data-start=\"71\" data-end=\"145\">Retro Grill-R\u00e4ucherhaus aus Backstein - Eleganz und Funktionalit\u00e4t im Garten<\/strong><\/p>\n<p data-start=\"71\" data-end=\"145\"><strong data-start=\"71\" data-end=\"145\">  Umsetzung durch Tomasz Kiszka 609 029 108 www.grillo-wedzarnie.pl<\/strong><\/p>\n<p data-start=\"147\" data-end=\"370\">Wir pr\u00e4sentieren eine umfassende Garten\u00fcberdachung aus hochwertigem retro-rotem Backstein mit grauer Fuge. Das Design umfasst einen multifunktionalen Ofen, eine R\u00e4ucherkammer und eine ger\u00e4umige Arbeitsfl\u00e4che, ideal f\u00fcr die Zubereitung von Speisen. <\/p>\n<p data-start=\"372\" data-end=\"666\">Das Nebengeb\u00e4ude wurde bis ins kleinste Detail durchdacht - vom soliden Fundament bis hin zu den praktischen Nischen f\u00fcr Brennholz und Zubeh\u00f6r. Die schwarzen gusseisernen T\u00fcren unterstreichen den rustikalen Charakter des Ganzen, w\u00e4hrend das h\u00f6lzerne Vordach es vor der Witterung sch\u00fctzt, so dass es das ganze Jahr \u00fcber genutzt werden kann. <\/p>\n<p data-start=\"668\" data-end=\"862\">Dieser einzigartige Grill-, Brat- und R\u00e4ucherbereich kombiniert traditionelle Handwerkskunst mit modernem Komfort. Ideal f\u00fcr Familientreffen und kulinarische Erlebnisse im Garten. <\/p>\n<p data-start=\"948\" data-end=\"1280\">An&nbsp;um <strong data-start=\"965\" data-end=\"1011\">die Sch\u00f6nheit alter Ziegel zu bewahren<\/strong> und ihren Charakter f\u00fcr viele Jahre zu erhalten, bieten wir&nbsp;<strong data-start=\"1063\" data-end=\"1099\">spezielle Bauchemikalien<\/strong> - Impr\u00e4gniermittel, Schutzmittel und Konservierungsmittel, die vor Feuchtigkeit, Schmutz und Witterungseinfl\u00fcssen sch\u00fctzen, ohne das nat\u00fcrliche Aussehen des Ziegels zu ver\u00e4ndern. Wir bieten auch Konsolen an! <\/p>\n<p data-start=\"481\" data-end=\"605\" data-is-last-node=\"\" data-is-only-node=\"\">Haben Sie Fragen zu dieser Implementierung oder m\u00f6chten Sie etwas \u00c4hnliches erstellen?<br data-start=\"553\" data-end=\"556\"><strong data-start=\"556\" data-end=\"582\">Kontaktieren Sie uns:<\/strong><\/p>\n<p><strong><a rel=\"noopener\" data-start=\"583\" data-end=\"605\" data-is-last-node=\"\">dh@dekoracyjnacegla.pl<\/a><\/strong><\/p>\n<p><strong>\ud83d\udcde Telefon\/WhatsApp: +48 797 009 409<\/strong><\/p>\n<p><strong><br><\/strong><\/p>\n<p><br><\/p>\t\t\t\t\t\t\t\t<\/div>\n\t\t\t\t<\/div>\n\t\t\t\t<div class=\"elementor-element elementor-element-0505073 elementor-widget elementor-widget-gallery\" data-id=\"0505073\" data-element_type=\"widget\" data-e-type=\"widget\" data-settings=\"{&quot;overlay_title&quot;:&quot;title&quot;,&quot;lazyload&quot;:&quot;yes&quot;,&quot;gallery_layout&quot;:&quot;grid&quot;,&quot;columns&quot;:4,&quot;columns_tablet&quot;:2,&quot;columns_mobile&quot;:1,&quot;gap&quot;:{&quot;unit&quot;:&quot;px&quot;,&quot;size&quot;:10,&quot;sizes&quot;:[]},&quot;gap_tablet&quot;:{&quot;unit&quot;:&quot;px&quot;,&quot;size&quot;:10,&quot;sizes&quot;:[]},&quot;gap_mobile&quot;:{&quot;unit&quot;:&quot;px&quot;,&quot;size&quot;:10,&quot;sizes&quot;:[]},&quot;link_to&quot;:&quot;file&quot;,&quot;aspect_ratio&quot;:&quot;3:2&quot;,&quot;overlay_background&quot;:&quot;yes&quot;,&quot;content_hover_animation&quot;:&quot;fade-in&quot;}\" data-widget_type=\"gallery.default\">\n\t\t\t\t<div class=\"elementor-widget-container\">\n\t\t\t\t\t\t\t<div class=\"elementor-gallery__container\">\n\t\t\t\t\t\t\t<a class=\"e-gallery-item elementor-gallery-item elementor-animated-content\" href=\"https:\/\/dekoracyjnacegla.pl\/wp-content\/uploads\/2025\/08\/Osiniec-Cegla-Retro-Red-Plytka-Retro-Red-Tomasz-Kiszka-Grillo-Wedzarnie-Fuga-Jasnoszara-2.jpg\" data-elementor-open-lightbox=\"yes\" data-elementor-lightbox-slideshow=\"0505073\" data-elementor-lightbox-title=\"Osiniec Ceg\u0142a Retro Red, P\u0142ytka Retro Red, Tomasz Kiszka Grillo W\u0119dzarnie, Fuga Jasnoszara\" data-e-action-hash=\"#elementor-action%3Aaction%3Dlightbox%26settings%3DeyJpZCI6MTg3NTAsInVybCI6Imh0dHBzOlwvXC9kZWtvcmFjeWpuYWNlZ2xhLnBsXC93cC1jb250ZW50XC91cGxvYWRzXC8yMDI1XC8wOFwvT3NpbmllYy1DZWdsYS1SZXRyby1SZWQtUGx5dGthLVJldHJvLVJlZC1Ub21hc3otS2lzemthLUdyaWxsby1XZWR6YXJuaWUtRnVnYS1KYXNub3N6YXJhLTIuanBnIiwic2xpZGVzaG93IjoiMDUwNTA3MyJ9\">\n\t\t\t\t\t<div class=\"e-gallery-image elementor-gallery-item__image\" data-thumbnail=\"https:\/\/dekoracyjnacegla.pl\/wp-content\/uploads\/2025\/08\/Osiniec-Cegla-Retro-Red-Plytka-Retro-Red-Tomasz-Kiszka-Grillo-Wedzarnie-Fuga-Jasnoszara-2-800x600.jpg\" data-width=\"800\" data-height=\"600\" aria-label=\"\" role=\"img\" ><\/div>\n\t\t\t\t\t\t\t\t\t\t\t<div class=\"elementor-gallery-item__overlay\"><\/div>\n\t\t\t\t\t\t\t\t\t\t\t\t\t\t\t<div class=\"elementor-gallery-item__content\">\n\t\t\t\t\t\t\t\t\t\t\t\t\t\t<div class=\"elementor-gallery-item__title\">\n\t\t\t\t\t\t\t\t\t\t\t\t\t\t\t\t\t\tOsiniec Ceg\u0142a Retro Red, P\u0142ytka Retro Red, Tomasz Kiszka Grillo W\u0119dzarnie, Fuga Jasnoszara\t\t\t\t\t\t\t\t<\/div>\n\t\t\t\t\t\t\t\t\t\t\t\t<\/div>\n\t\t\t\t\t\t\t\t\t<\/a>\n\t\t\t\t\t\t\t<a class=\"e-gallery-item elementor-gallery-item elementor-animated-content\" href=\"https:\/\/dekoracyjnacegla.pl\/wp-content\/uploads\/2025\/08\/Osiniec-Cegla-Retro-Red-Plytka-Retro-Red-Tomasz-Kiszka-Grillo-Wedzarnie-Fuga-Jasnoszara-6.jpg\" data-elementor-open-lightbox=\"yes\" data-elementor-lightbox-slideshow=\"0505073\" data-elementor-lightbox-title=\"Osiniec Retro Roter Ziegel, Retro Rote Fliese, Tomasz Kiszka - Grillo Smokehouses, Hellgraue Fuge\" data-e-action-hash=\"#elementor-action%3Aaction%3Dlightbox%26settings%3DeyJpZCI6MjE4NzEsInVybCI6Imh0dHBzOlwvXC9kZWtvcmFjeWpuYWNlZ2xhLnBsXC93cC1jb250ZW50XC91cGxvYWRzXC8yMDI1XC8wOFwvT3NpbmllYy1DZWdsYS1SZXRyby1SZWQtUGx5dGthLVJldHJvLVJlZC1Ub21hc3otS2lzemthLUdyaWxsby1XZWR6YXJuaWUtRnVnYS1KYXNub3N6YXJhLTYuanBnIiwic2xpZGVzaG93IjoiMDUwNTA3MyJ9\">\n\t\t\t\t\t<div class=\"e-gallery-image elementor-gallery-item__image\" data-thumbnail=\"https:\/\/dekoracyjnacegla.pl\/wp-content\/uploads\/2025\/08\/Osiniec-Cegla-Retro-Red-Plytka-Retro-Red-Tomasz-Kiszka-Grillo-Wedzarnie-Fuga-Jasnoszara-6-800x600.jpg\" data-width=\"800\" data-height=\"600\" aria-label=\"\" role=\"img\" ><\/div>\n\t\t\t\t\t\t\t\t\t\t\t<div class=\"elementor-gallery-item__overlay\"><\/div>\n\t\t\t\t\t\t\t\t\t\t\t\t\t\t\t<div class=\"elementor-gallery-item__content\">\n\t\t\t\t\t\t\t\t\t\t\t\t\t\t<div class=\"elementor-gallery-item__title\">\n\t\t\t\t\t\t\t\t\t\t\t\t\t\t\t\t\t\tOsiniec Retro Roter Ziegel, Retro Rote Fliese, Tomasz Kiszka - Grillo Smokehouses, Hellgraue Fuge\t\t\t\t\t\t\t\t<\/div>\n\t\t\t\t\t\t\t\t\t\t\t\t<\/div>\n\t\t\t\t\t\t\t\t\t<\/a>\n\t\t\t\t\t\t\t<a class=\"e-gallery-item elementor-gallery-item elementor-animated-content\" href=\"https:\/\/dekoracyjnacegla.pl\/wp-content\/uploads\/2025\/08\/Osiniec-Cegla-Retro-Red-Plytka-Retro-Red-Tomasz-Kiszka-Grillo-Wedzarnie-Fuga-Jasnoszara-9.jpg\" data-elementor-open-lightbox=\"yes\" data-elementor-lightbox-slideshow=\"0505073\" data-elementor-lightbox-title=\"Osiniec Retro Roter Ziegel, Retro Rote Fliese, Tomasz Kiszka Grillo R\u00e4ucherkammern, Hellgraue Fuge\" data-e-action-hash=\"#elementor-action%3Aaction%3Dlightbox%26settings%3DeyJpZCI6MjE4NjksInVybCI6Imh0dHBzOlwvXC9kZWtvcmFjeWpuYWNlZ2xhLnBsXC93cC1jb250ZW50XC91cGxvYWRzXC8yMDI1XC8wOFwvT3NpbmllYy1DZWdsYS1SZXRyby1SZWQtUGx5dGthLVJldHJvLVJlZC1Ub21hc3otS2lzemthLUdyaWxsby1XZWR6YXJuaWUtRnVnYS1KYXNub3N6YXJhLTkuanBnIiwic2xpZGVzaG93IjoiMDUwNTA3MyJ9\">\n\t\t\t\t\t<div class=\"e-gallery-image elementor-gallery-item__image\" data-thumbnail=\"https:\/\/dekoracyjnacegla.pl\/wp-content\/uploads\/2025\/08\/Osiniec-Cegla-Retro-Red-Plytka-Retro-Red-Tomasz-Kiszka-Grillo-Wedzarnie-Fuga-Jasnoszara-9-800x600.jpg\" data-width=\"800\" data-height=\"600\" aria-label=\"\" role=\"img\" ><\/div>\n\t\t\t\t\t\t\t\t\t\t\t<div class=\"elementor-gallery-item__overlay\"><\/div>\n\t\t\t\t\t\t\t\t\t\t\t\t\t\t\t<div class=\"elementor-gallery-item__content\">\n\t\t\t\t\t\t\t\t\t\t\t\t\t\t<div class=\"elementor-gallery-item__title\">\n\t\t\t\t\t\t\t\t\t\t\t\t\t\t\t\t\t\tOsiniec Retro Roter Ziegel, Retro Rote Fliese, Tomasz Kiszka Grillo R\u00e4ucherkammern, Hellgraue Fuge\t\t\t\t\t\t\t\t<\/div>\n\t\t\t\t\t\t\t\t\t\t\t\t<\/div>\n\t\t\t\t\t\t\t\t\t<\/a>\n\t\t\t\t\t\t\t<a class=\"e-gallery-item elementor-gallery-item elementor-animated-content\" href=\"https:\/\/dekoracyjnacegla.pl\/wp-content\/uploads\/2025\/08\/Osiniec-Cegla-Retro-Red-Plytka-Retro-Red-Tomasz-Kiszka-Grillo-Wedzarnie-Fuga-Jasnoszara-7.jpg\" data-elementor-open-lightbox=\"yes\" data-elementor-lightbox-slideshow=\"0505073\" data-elementor-lightbox-title=\"Osiniec Retro Roter Ziegel, Retro Rote Fliese, Tomasz Kiszka Grillo R\u00e4ucherkammern, Hellgraue Fuge\" data-e-action-hash=\"#elementor-action%3Aaction%3Dlightbox%26settings%3DeyJpZCI6MjE4NzAsInVybCI6Imh0dHBzOlwvXC9kZWtvcmFjeWpuYWNlZ2xhLnBsXC93cC1jb250ZW50XC91cGxvYWRzXC8yMDI1XC8wOFwvT3NpbmllYy1DZWdsYS1SZXRyby1SZWQtUGx5dGthLVJldHJvLVJlZC1Ub21hc3otS2lzemthLUdyaWxsby1XZWR6YXJuaWUtRnVnYS1KYXNub3N6YXJhLTcuanBnIiwic2xpZGVzaG93IjoiMDUwNTA3MyJ9\">\n\t\t\t\t\t<div class=\"e-gallery-image elementor-gallery-item__image\" data-thumbnail=\"https:\/\/dekoracyjnacegla.pl\/wp-content\/uploads\/2025\/08\/Osiniec-Cegla-Retro-Red-Plytka-Retro-Red-Tomasz-Kiszka-Grillo-Wedzarnie-Fuga-Jasnoszara-7-800x600.jpg\" data-width=\"800\" data-height=\"600\" aria-label=\"\" role=\"img\" ><\/div>\n\t\t\t\t\t\t\t\t\t\t\t<div class=\"elementor-gallery-item__overlay\"><\/div>\n\t\t\t\t\t\t\t\t\t\t\t\t\t\t\t<div class=\"elementor-gallery-item__content\">\n\t\t\t\t\t\t\t\t\t\t\t\t\t\t<div class=\"elementor-gallery-item__title\">\n\t\t\t\t\t\t\t\t\t\t\t\t\t\t\t\t\t\tOsiniec Retro Roter Ziegel, Retro Rote Fliese, Tomasz Kiszka Grillo R\u00e4ucherkammern, Hellgraue Fuge\t\t\t\t\t\t\t\t<\/div>\n\t\t\t\t\t\t\t\t\t\t\t\t<\/div>\n\t\t\t\t\t\t\t\t\t<\/a>\n\t\t\t\t\t\t\t<a class=\"e-gallery-item elementor-gallery-item elementor-animated-content\" href=\"https:\/\/dekoracyjnacegla.pl\/wp-content\/uploads\/2025\/08\/Osiniec-Cegla-Retro-Red-Plytka-Retro-Red-Tomasz-Kiszka-Grillo-Wedzarnie-Fuga-Jasnoszara-3.jpg\" data-elementor-open-lightbox=\"yes\" data-elementor-lightbox-slideshow=\"0505073\" data-elementor-lightbox-title=\"Osiniec Retro Roter Ziegel, Retro Rote Fliese, Tomasz Kiszka Grillo R\u00e4ucherkammern, Hellgraue Fuge\" data-e-action-hash=\"#elementor-action%3Aaction%3Dlightbox%26settings%3DeyJpZCI6MjE4NjYsInVybCI6Imh0dHBzOlwvXC9kZWtvcmFjeWpuYWNlZ2xhLnBsXC93cC1jb250ZW50XC91cGxvYWRzXC8yMDI1XC8wOFwvT3NpbmllYy1DZWdsYS1SZXRyby1SZWQtUGx5dGthLVJldHJvLVJlZC1Ub21hc3otS2lzemthLUdyaWxsby1XZWR6YXJuaWUtRnVnYS1KYXNub3N6YXJhLTMuanBnIiwic2xpZGVzaG93IjoiMDUwNTA3MyJ9\">\n\t\t\t\t\t<div class=\"e-gallery-image elementor-gallery-item__image\" data-thumbnail=\"https:\/\/dekoracyjnacegla.pl\/wp-content\/uploads\/2025\/08\/Osiniec-Cegla-Retro-Red-Plytka-Retro-Red-Tomasz-Kiszka-Grillo-Wedzarnie-Fuga-Jasnoszara-3-800x600.jpg\" data-width=\"800\" data-height=\"600\" aria-label=\"\" role=\"img\" ><\/div>\n\t\t\t\t\t\t\t\t\t\t\t<div class=\"elementor-gallery-item__overlay\"><\/div>\n\t\t\t\t\t\t\t\t\t\t\t\t\t\t\t<div class=\"elementor-gallery-item__content\">\n\t\t\t\t\t\t\t\t\t\t\t\t\t\t<div class=\"elementor-gallery-item__title\">\n\t\t\t\t\t\t\t\t\t\t\t\t\t\t\t\t\t\tOsiniec Retro Roter Ziegel, Retro Rote Fliese, Tomasz Kiszka Grillo R\u00e4ucherkammern, Hellgraue Fuge\t\t\t\t\t\t\t\t<\/div>\n\t\t\t\t\t\t\t\t\t\t\t\t<\/div>\n\t\t\t\t\t\t\t\t\t<\/a>\n\t\t\t\t\t\t\t<a class=\"e-gallery-item elementor-gallery-item elementor-animated-content\" href=\"https:\/\/dekoracyjnacegla.pl\/wp-content\/uploads\/2025\/08\/Osiniec-Cegla-Retro-Red-Plytka-Retro-Red-Tomasz-Kiszka-Grillo-Wedzarnie-Fuga-Jasnoszara-1.jpg\" data-elementor-open-lightbox=\"yes\" data-elementor-lightbox-slideshow=\"0505073\" data-elementor-lightbox-title=\"Osiniec Retro Roter Ziegel, Retro Rote Fliese, Tomasz Kiszka Grillo R\u00e4ucherkammern, Hellgraue Fuge\" data-e-action-hash=\"#elementor-action%3Aaction%3Dlightbox%26settings%3DeyJpZCI6MjE5MDIsInVybCI6Imh0dHBzOlwvXC9kZWtvcmFjeWpuYWNlZ2xhLnBsXC93cC1jb250ZW50XC91cGxvYWRzXC8yMDI1XC8wOFwvT3NpbmllYy1DZWdsYS1SZXRyby1SZWQtUGx5dGthLVJldHJvLVJlZC1Ub21hc3otS2lzemthLUdyaWxsby1XZWR6YXJuaWUtRnVnYS1KYXNub3N6YXJhLTEuanBnIiwic2xpZGVzaG93IjoiMDUwNTA3MyJ9\">\n\t\t\t\t\t<div class=\"e-gallery-image elementor-gallery-item__image\" data-thumbnail=\"https:\/\/dekoracyjnacegla.pl\/wp-content\/uploads\/2025\/08\/Osiniec-Cegla-Retro-Red-Plytka-Retro-Red-Tomasz-Kiszka-Grillo-Wedzarnie-Fuga-Jasnoszara-1-800x600.jpg\" data-width=\"800\" data-height=\"600\" aria-label=\"\" role=\"img\" ><\/div>\n\t\t\t\t\t\t\t\t\t\t\t<div class=\"elementor-gallery-item__overlay\"><\/div>\n\t\t\t\t\t\t\t\t\t\t\t\t\t\t\t<div class=\"elementor-gallery-item__content\">\n\t\t\t\t\t\t\t\t\t\t\t\t\t\t<div class=\"elementor-gallery-item__title\">\n\t\t\t\t\t\t\t\t\t\t\t\t\t\t\t\t\t\tOsiniec Retro Roter Ziegel, Retro Rote Fliese, Tomasz Kiszka Grillo R\u00e4ucherkammern, Hellgraue Fuge\t\t\t\t\t\t\t\t<\/div>\n\t\t\t\t\t\t\t\t\t\t\t\t<\/div>\n\t\t\t\t\t\t\t\t\t<\/a>\n\t\t\t\t\t\t\t<a class=\"e-gallery-item elementor-gallery-item elementor-animated-content\" href=\"https:\/\/dekoracyjnacegla.pl\/wp-content\/uploads\/2025\/08\/Osiniec-Cegla-Retro-Red-Plytka-Retro-Red-Tomasz-Kiszka-Grillo-Wedzarnie-Fuga-Jasnoszara-4.jpg\" data-elementor-open-lightbox=\"yes\" data-elementor-lightbox-slideshow=\"0505073\" data-elementor-lightbox-title=\"Osiniec Ceg\u0142a Retro Red, P\u0142ytka Retro Red, Tomasz Kiszka Grillo W\u0119dzarnie, Fuga Jasnoszara\" data-e-action-hash=\"#elementor-action%3Aaction%3Dlightbox%26settings%3DeyJpZCI6MTg3NTIsInVybCI6Imh0dHBzOlwvXC9kZWtvcmFjeWpuYWNlZ2xhLnBsXC93cC1jb250ZW50XC91cGxvYWRzXC8yMDI1XC8wOFwvT3NpbmllYy1DZWdsYS1SZXRyby1SZWQtUGx5dGthLVJldHJvLVJlZC1Ub21hc3otS2lzemthLUdyaWxsby1XZWR6YXJuaWUtRnVnYS1KYXNub3N6YXJhLTQuanBnIiwic2xpZGVzaG93IjoiMDUwNTA3MyJ9\">\n\t\t\t\t\t<div class=\"e-gallery-image elementor-gallery-item__image\" data-thumbnail=\"https:\/\/dekoracyjnacegla.pl\/wp-content\/uploads\/2025\/08\/Osiniec-Cegla-Retro-Red-Plytka-Retro-Red-Tomasz-Kiszka-Grillo-Wedzarnie-Fuga-Jasnoszara-4-800x600.jpg\" data-width=\"800\" data-height=\"600\" aria-label=\"\" role=\"img\" ><\/div>\n\t\t\t\t\t\t\t\t\t\t\t<div class=\"elementor-gallery-item__overlay\"><\/div>\n\t\t\t\t\t\t\t\t\t\t\t\t\t\t\t<div class=\"elementor-gallery-item__content\">\n\t\t\t\t\t\t\t\t\t\t\t\t\t\t<div class=\"elementor-gallery-item__title\">\n\t\t\t\t\t\t\t\t\t\t\t\t\t\t\t\t\t\tOsiniec Ceg\u0142a Retro Red, P\u0142ytka Retro Red, Tomasz Kiszka Grillo W\u0119dzarnie, Fuga Jasnoszara\t\t\t\t\t\t\t\t<\/div>\n\t\t\t\t\t\t\t\t\t\t\t\t<\/div>\n\t\t\t\t\t\t\t\t\t<\/a>\n\t\t\t\t\t\t\t<a class=\"e-gallery-item elementor-gallery-item elementor-animated-content\" href=\"https:\/\/dekoracyjnacegla.pl\/wp-content\/uploads\/2025\/08\/Osiniec-Cegla-Retro-Red-Plytka-Retro-Red-Tomasz-Kiszka-Grillo-Wedzarnie-Fuga-Jasnoszara-5.jpg\" data-elementor-open-lightbox=\"yes\" data-elementor-lightbox-slideshow=\"0505073\" data-elementor-lightbox-title=\"Osiniec Retro Roter Ziegel, Retro Rote Fliese, Tomasz Kiszka Grillo R\u00e4ucherkammern, Hellgraue Fuge\" data-e-action-hash=\"#elementor-action%3Aaction%3Dlightbox%26settings%3DeyJpZCI6MjE4NzIsInVybCI6Imh0dHBzOlwvXC9kZWtvcmFjeWpuYWNlZ2xhLnBsXC93cC1jb250ZW50XC91cGxvYWRzXC8yMDI1XC8wOFwvT3NpbmllYy1DZWdsYS1SZXRyby1SZWQtUGx5dGthLVJldHJvLVJlZC1Ub21hc3otS2lzemthLUdyaWxsby1XZWR6YXJuaWUtRnVnYS1KYXNub3N6YXJhLTUuanBnIiwic2xpZGVzaG93IjoiMDUwNTA3MyJ9\">\n\t\t\t\t\t<div class=\"e-gallery-image elementor-gallery-item__image\" data-thumbnail=\"https:\/\/dekoracyjnacegla.pl\/wp-content\/uploads\/2025\/08\/Osiniec-Cegla-Retro-Red-Plytka-Retro-Red-Tomasz-Kiszka-Grillo-Wedzarnie-Fuga-Jasnoszara-5-800x600.jpg\" data-width=\"800\" data-height=\"600\" aria-label=\"\" role=\"img\" ><\/div>\n\t\t\t\t\t\t\t\t\t\t\t<div class=\"elementor-gallery-item__overlay\"><\/div>\n\t\t\t\t\t\t\t\t\t\t\t\t\t\t\t<div class=\"elementor-gallery-item__content\">\n\t\t\t\t\t\t\t\t\t\t\t\t\t\t<div class=\"elementor-gallery-item__title\">\n\t\t\t\t\t\t\t\t\t\t\t\t\t\t\t\t\t\tOsiniec Retro Roter Ziegel, Retro Rote Fliese, Tomasz Kiszka Grillo R\u00e4ucherkammern, Hellgraue Fuge\t\t\t\t\t\t\t\t<\/div>\n\t\t\t\t\t\t\t\t\t\t\t\t<\/div>\n\t\t\t\t\t\t\t\t\t<\/a>\n\t\t\t\t\t\t\t<a class=\"e-gallery-item elementor-gallery-item elementor-animated-content\" href=\"https:\/\/dekoracyjnacegla.pl\/wp-content\/uploads\/2025\/08\/Osiniec-Cegla-Retro-Red-Plytka-Retro-Red-Tomasz-Kiszka-Grillo-Wedzarnie-Fuga-Jasnoszara-8.jpg\" data-elementor-open-lightbox=\"yes\" data-elementor-lightbox-slideshow=\"0505073\" data-elementor-lightbox-title=\"Osiniec Ceg\u0142a Retro Red, P\u0142ytka Retro Red, Tomasz Kiszka Grillo W\u0119dzarnie, Fuga Jasnoszara\" data-e-action-hash=\"#elementor-action%3Aaction%3Dlightbox%26settings%3DeyJpZCI6MTg3NTYsInVybCI6Imh0dHBzOlwvXC9kZWtvcmFjeWpuYWNlZ2xhLnBsXC93cC1jb250ZW50XC91cGxvYWRzXC8yMDI1XC8wOFwvT3NpbmllYy1DZWdsYS1SZXRyby1SZWQtUGx5dGthLVJldHJvLVJlZC1Ub21hc3otS2lzemthLUdyaWxsby1XZWR6YXJuaWUtRnVnYS1KYXNub3N6YXJhLTguanBnIiwic2xpZGVzaG93IjoiMDUwNTA3MyJ9\">\n\t\t\t\t\t<div class=\"e-gallery-image elementor-gallery-item__image\" data-thumbnail=\"https:\/\/dekoracyjnacegla.pl\/wp-content\/uploads\/2025\/08\/Osiniec-Cegla-Retro-Red-Plytka-Retro-Red-Tomasz-Kiszka-Grillo-Wedzarnie-Fuga-Jasnoszara-8-800x600.jpg\" data-width=\"800\" data-height=\"600\" aria-label=\"\" role=\"img\" ><\/div>\n\t\t\t\t\t\t\t\t\t\t\t<div class=\"elementor-gallery-item__overlay\"><\/div>\n\t\t\t\t\t\t\t\t\t\t\t\t\t\t\t<div class=\"elementor-gallery-item__content\">\n\t\t\t\t\t\t\t\t\t\t\t\t\t\t<div class=\"elementor-gallery-item__title\">\n\t\t\t\t\t\t\t\t\t\t\t\t\t\t\t\t\t\tOsiniec Ceg\u0142a Retro Red, P\u0142ytka Retro Red, Tomasz Kiszka Grillo W\u0119dzarnie, Fuga Jasnoszara\t\t\t\t\t\t\t\t<\/div>\n\t\t\t\t\t\t\t\t\t\t\t\t<\/div>\n\t\t\t\t\t\t\t\t\t<\/a>\n\t\t\t\t\t<\/div>\n\t\t\t\t\t<\/div>\n\t\t\t\t<\/div>\n\t\t\t\t<div class=\"elementor-element elementor-element-81994ea elementor-align-left elementor-button-outline elementor-widget elementor-widget-button\" data-id=\"81994ea\" data-element_type=\"widget\" data-e-type=\"widget\" data-widget_type=\"button.default\">\n\t\t\t\t<div class=\"elementor-widget-container\">\n\t\t\t\t\t\t\t\t\t<div class=\"elementor-button-wrapper\">\n\t\t\t\t\t<a class=\"elementor-button elementor-button-link elementor-size-sm\" href=\"\/galeria\/\">\n\t\t\t\t\t\t<span class=\"elementor-button-content-wrapper\">\n\t\t\t\t\t\t\t\t\t<span class=\"elementor-button-text\">\u2190 Zur\u00fcck zur Implementierung<\/span>\n\t\t\t\t\t<\/span>\n\t\t\t\t\t<\/a>\n\t\t\t\t<\/div>\n\t\t\t\t\t\t\t\t<\/div>\n\t\t\t\t<\/div>\n\t\t\t\t\t<\/div>\n\t\t<\/div>\n\t\t\t\t\t<\/div>\n\t\t<\/section>\n\t\t\t\t<\/div>\n\t\t","protected":false},"excerpt":{"rendered":"<p>Osiniec Grillo R\u00e4uchereien<\/p>\n","protected":false},"featured_media":21903,"template":"elementor_header_footer","realization_category":[374],"class_list":["post-24563","realization","type-realization","status-publish","has-post-thumbnail","hentry","realization_category-garten"],"yoast_head":"<!-- This site is optimized with the Yoast SEO plugin v27.4 - https:\/\/yoast.com\/product\/yoast-seo-wordpress\/ -->\n<title>Osiniec Grillo R\u00e4uchereien - Dekoracyjna Ceg\u0142a<\/title>\n<meta name=\"description\" content=\"Osiniec Grillo R\u00e4uchereien\" \/>\n<meta name=\"robots\" content=\"index, follow, max-snippet:-1, max-image-preview:large, max-video-preview:-1\" \/>\n<link rel=\"canonical\" href=\"https:\/\/dekoracyjnacegla.pl\/de\/projekte\/osiniec-grillo-raeuchereien\/\" \/>\n<meta property=\"og:locale\" content=\"de_DE\" \/>\n<meta property=\"og:type\" content=\"article\" \/>\n<meta property=\"og:title\" content=\"Osiniec Grillo R\u00e4uchereien - Dekoracyjna Ceg\u0142a\" \/>\n<meta property=\"og:description\" content=\"Osiniec Grillo R\u00e4uchereien\" \/>\n<meta property=\"og:url\" content=\"https:\/\/dekoracyjnacegla.pl\/de\/projekte\/osiniec-grillo-raeuchereien\/\" \/>\n<meta property=\"og:site_name\" content=\"Dekoracyjna Ceg\u0142a\" \/>\n<meta property=\"article:modified_time\" content=\"2026-04-02T11:08:19+00:00\" \/>\n<meta property=\"og:image\" content=\"https:\/\/dekoracyjnacegla.pl\/wp-content\/uploads\/2025\/08\/Osiniec-Cegla-Retro-Red-Plytka-Retro-Red-Tomasz-Kiszka-Grillo-Wedzarnie-Fuga-Jasnoszara.jpg\" \/>\n\t<meta property=\"og:image:width\" content=\"960\" \/>\n\t<meta property=\"og:image:height\" content=\"720\" \/>\n\t<meta property=\"og:image:type\" content=\"image\/jpeg\" \/>\n<meta name=\"twitter:card\" content=\"summary_large_image\" \/>\n<meta name=\"twitter:label1\" content=\"Gesch\u00e4tzte Lesezeit\" \/>\n\t<meta name=\"twitter:data1\" content=\"2\u00a0Minuten\" \/>\n<script type=\"application\/ld+json\" class=\"yoast-schema-graph\">{\"@context\":\"https:\\\/\\\/schema.org\",\"@graph\":[{\"@type\":\"WebPage\",\"@id\":\"https:\\\/\\\/dekoracyjnacegla.pl\\\/de\\\/projekte\\\/osiniec-grillo-raeuchereien\\\/\",\"url\":\"https:\\\/\\\/dekoracyjnacegla.pl\\\/de\\\/projekte\\\/osiniec-grillo-raeuchereien\\\/\",\"name\":\"Osiniec Grillo R\u00e4uchereien - Dekoracyjna Ceg\u0142a\",\"isPartOf\":{\"@id\":\"https:\\\/\\\/dekoracyjnacegla.pl\\\/de\\\/#website\"},\"primaryImageOfPage\":{\"@id\":\"https:\\\/\\\/dekoracyjnacegla.pl\\\/de\\\/projekte\\\/osiniec-grillo-raeuchereien\\\/#primaryimage\"},\"image\":{\"@id\":\"https:\\\/\\\/dekoracyjnacegla.pl\\\/de\\\/projekte\\\/osiniec-grillo-raeuchereien\\\/#primaryimage\"},\"thumbnailUrl\":\"https:\\\/\\\/dekoracyjnacegla.pl\\\/wp-content\\\/uploads\\\/2025\\\/08\\\/Osiniec-Cegla-Retro-Red-Plytka-Retro-Red-Tomasz-Kiszka-Grillo-Wedzarnie-Fuga-Jasnoszara.jpg\",\"datePublished\":\"2025-08-07T10:37:39+00:00\",\"dateModified\":\"2026-04-02T11:08:19+00:00\",\"description\":\"Osiniec Grillo R\u00e4uchereien\",\"breadcrumb\":{\"@id\":\"https:\\\/\\\/dekoracyjnacegla.pl\\\/de\\\/projekte\\\/osiniec-grillo-raeuchereien\\\/#breadcrumb\"},\"inLanguage\":\"de\",\"potentialAction\":[{\"@type\":\"ReadAction\",\"target\":[\"https:\\\/\\\/dekoracyjnacegla.pl\\\/de\\\/projekte\\\/osiniec-grillo-raeuchereien\\\/\"]}]},{\"@type\":\"ImageObject\",\"inLanguage\":\"de\",\"@id\":\"https:\\\/\\\/dekoracyjnacegla.pl\\\/de\\\/projekte\\\/osiniec-grillo-raeuchereien\\\/#primaryimage\",\"url\":\"https:\\\/\\\/dekoracyjnacegla.pl\\\/wp-content\\\/uploads\\\/2025\\\/08\\\/Osiniec-Cegla-Retro-Red-Plytka-Retro-Red-Tomasz-Kiszka-Grillo-Wedzarnie-Fuga-Jasnoszara.jpg\",\"contentUrl\":\"https:\\\/\\\/dekoracyjnacegla.pl\\\/wp-content\\\/uploads\\\/2025\\\/08\\\/Osiniec-Cegla-Retro-Red-Plytka-Retro-Red-Tomasz-Kiszka-Grillo-Wedzarnie-Fuga-Jasnoszara.jpg\",\"width\":960,\"height\":720},{\"@type\":\"BreadcrumbList\",\"@id\":\"https:\\\/\\\/dekoracyjnacegla.pl\\\/de\\\/projekte\\\/osiniec-grillo-raeuchereien\\\/#breadcrumb\",\"itemListElement\":[{\"@type\":\"ListItem\",\"position\":1,\"name\":\"Strona g\u0142\u00f3wna\",\"item\":\"https:\\\/\\\/dekoracyjnacegla.pl\\\/de\\\/start\\\/\"},{\"@type\":\"ListItem\",\"position\":2,\"name\":\"Referenzen\",\"item\":\"https:\\\/\\\/dekoracyjnacegla.pl\\\/de\\\/projekte\\\/\"},{\"@type\":\"ListItem\",\"position\":3,\"name\":\"Osiniec Grillo R\u00e4uchereien\"}]},{\"@type\":\"WebSite\",\"@id\":\"https:\\\/\\\/dekoracyjnacegla.pl\\\/de\\\/#website\",\"url\":\"https:\\\/\\\/dekoracyjnacegla.pl\\\/de\\\/\",\"name\":\"Dekoracyjna Ceg\u0142a\",\"description\":\"P\u0142ytki z ceg\u0142y | Retro Ceg\u0142a\",\"publisher\":{\"@id\":\"https:\\\/\\\/dekoracyjnacegla.pl\\\/de\\\/#organization\"},\"potentialAction\":[{\"@type\":\"SearchAction\",\"target\":{\"@type\":\"EntryPoint\",\"urlTemplate\":\"https:\\\/\\\/dekoracyjnacegla.pl\\\/de\\\/?s={search_term_string}\"},\"query-input\":{\"@type\":\"PropertyValueSpecification\",\"valueRequired\":true,\"valueName\":\"search_term_string\"}}],\"inLanguage\":\"de\"},{\"@type\":\"Organization\",\"@id\":\"https:\\\/\\\/dekoracyjnacegla.pl\\\/de\\\/#organization\",\"name\":\"Dekoracyjna Ceg\u0142a\",\"url\":\"https:\\\/\\\/dekoracyjnacegla.pl\\\/de\\\/\",\"logo\":{\"@type\":\"ImageObject\",\"inLanguage\":\"de\",\"@id\":\"https:\\\/\\\/dekoracyjnacegla.pl\\\/de\\\/#\\\/schema\\\/logo\\\/image\\\/\",\"url\":\"https:\\\/\\\/dekoracyjnacegla.pl\\\/wp-content\\\/uploads\\\/2023\\\/10\\\/logo.png\",\"contentUrl\":\"https:\\\/\\\/dekoracyjnacegla.pl\\\/wp-content\\\/uploads\\\/2023\\\/10\\\/logo.png\",\"width\":1199,\"height\":193,\"caption\":\"Dekoracyjna Ceg\u0142a\"},\"image\":{\"@id\":\"https:\\\/\\\/dekoracyjnacegla.pl\\\/de\\\/#\\\/schema\\\/logo\\\/image\\\/\"}}]}<\/script>\n<!-- \/ Yoast SEO plugin. -->","yoast_head_json":{"title":"Osiniec Grillo R\u00e4uchereien - Dekoracyjna Ceg\u0142a","description":"Osiniec Grillo R\u00e4uchereien","robots":{"index":"index","follow":"follow","max-snippet":"max-snippet:-1","max-image-preview":"max-image-preview:large","max-video-preview":"max-video-preview:-1"},"canonical":"https:\/\/dekoracyjnacegla.pl\/de\/projekte\/osiniec-grillo-raeuchereien\/","og_locale":"de_DE","og_type":"article","og_title":"Osiniec Grillo R\u00e4uchereien - Dekoracyjna Ceg\u0142a","og_description":"Osiniec Grillo R\u00e4uchereien","og_url":"https:\/\/dekoracyjnacegla.pl\/de\/projekte\/osiniec-grillo-raeuchereien\/","og_site_name":"Dekoracyjna Ceg\u0142a","article_modified_time":"2026-04-02T11:08:19+00:00","og_image":[{"width":960,"height":720,"url":"https:\/\/dekoracyjnacegla.pl\/wp-content\/uploads\/2025\/08\/Osiniec-Cegla-Retro-Red-Plytka-Retro-Red-Tomasz-Kiszka-Grillo-Wedzarnie-Fuga-Jasnoszara.jpg","type":"image\/jpeg"}],"twitter_card":"summary_large_image","twitter_misc":{"Gesch\u00e4tzte Lesezeit":"2\u00a0Minuten"},"schema":{"@context":"https:\/\/schema.org","@graph":[{"@type":"WebPage","@id":"https:\/\/dekoracyjnacegla.pl\/de\/projekte\/osiniec-grillo-raeuchereien\/","url":"https:\/\/dekoracyjnacegla.pl\/de\/projekte\/osiniec-grillo-raeuchereien\/","name":"Osiniec Grillo R\u00e4uchereien - Dekoracyjna Ceg\u0142a","isPartOf":{"@id":"https:\/\/dekoracyjnacegla.pl\/de\/#website"},"primaryImageOfPage":{"@id":"https:\/\/dekoracyjnacegla.pl\/de\/projekte\/osiniec-grillo-raeuchereien\/#primaryimage"},"image":{"@id":"https:\/\/dekoracyjnacegla.pl\/de\/projekte\/osiniec-grillo-raeuchereien\/#primaryimage"},"thumbnailUrl":"https:\/\/dekoracyjnacegla.pl\/wp-content\/uploads\/2025\/08\/Osiniec-Cegla-Retro-Red-Plytka-Retro-Red-Tomasz-Kiszka-Grillo-Wedzarnie-Fuga-Jasnoszara.jpg","datePublished":"2025-08-07T10:37:39+00:00","dateModified":"2026-04-02T11:08:19+00:00","description":"Osiniec Grillo R\u00e4uchereien","breadcrumb":{"@id":"https:\/\/dekoracyjnacegla.pl\/de\/projekte\/osiniec-grillo-raeuchereien\/#breadcrumb"},"inLanguage":"de","potentialAction":[{"@type":"ReadAction","target":["https:\/\/dekoracyjnacegla.pl\/de\/projekte\/osiniec-grillo-raeuchereien\/"]}]},{"@type":"ImageObject","inLanguage":"de","@id":"https:\/\/dekoracyjnacegla.pl\/de\/projekte\/osiniec-grillo-raeuchereien\/#primaryimage","url":"https:\/\/dekoracyjnacegla.pl\/wp-content\/uploads\/2025\/08\/Osiniec-Cegla-Retro-Red-Plytka-Retro-Red-Tomasz-Kiszka-Grillo-Wedzarnie-Fuga-Jasnoszara.jpg","contentUrl":"https:\/\/dekoracyjnacegla.pl\/wp-content\/uploads\/2025\/08\/Osiniec-Cegla-Retro-Red-Plytka-Retro-Red-Tomasz-Kiszka-Grillo-Wedzarnie-Fuga-Jasnoszara.jpg","width":960,"height":720},{"@type":"BreadcrumbList","@id":"https:\/\/dekoracyjnacegla.pl\/de\/projekte\/osiniec-grillo-raeuchereien\/#breadcrumb","itemListElement":[{"@type":"ListItem","position":1,"name":"Strona g\u0142\u00f3wna","item":"https:\/\/dekoracyjnacegla.pl\/de\/start\/"},{"@type":"ListItem","position":2,"name":"Referenzen","item":"https:\/\/dekoracyjnacegla.pl\/de\/projekte\/"},{"@type":"ListItem","position":3,"name":"Osiniec Grillo R\u00e4uchereien"}]},{"@type":"WebSite","@id":"https:\/\/dekoracyjnacegla.pl\/de\/#website","url":"https:\/\/dekoracyjnacegla.pl\/de\/","name":"Dekoracyjna Ceg\u0142a","description":"P\u0142ytki z ceg\u0142y | Retro Ceg\u0142a","publisher":{"@id":"https:\/\/dekoracyjnacegla.pl\/de\/#organization"},"potentialAction":[{"@type":"SearchAction","target":{"@type":"EntryPoint","urlTemplate":"https:\/\/dekoracyjnacegla.pl\/de\/?s={search_term_string}"},"query-input":{"@type":"PropertyValueSpecification","valueRequired":true,"valueName":"search_term_string"}}],"inLanguage":"de"},{"@type":"Organization","@id":"https:\/\/dekoracyjnacegla.pl\/de\/#organization","name":"Dekoracyjna Ceg\u0142a","url":"https:\/\/dekoracyjnacegla.pl\/de\/","logo":{"@type":"ImageObject","inLanguage":"de","@id":"https:\/\/dekoracyjnacegla.pl\/de\/#\/schema\/logo\/image\/","url":"https:\/\/dekoracyjnacegla.pl\/wp-content\/uploads\/2023\/10\/logo.png","contentUrl":"https:\/\/dekoracyjnacegla.pl\/wp-content\/uploads\/2023\/10\/logo.png","width":1199,"height":193,"caption":"Dekoracyjna Ceg\u0142a"},"image":{"@id":"https:\/\/dekoracyjnacegla.pl\/de\/#\/schema\/logo\/image\/"}}]}},"_links":{"self":[{"href":"https:\/\/dekoracyjnacegla.pl\/de\/wp-json\/wp\/v2\/realization\/24563","targetHints":{"allow":["GET"]}}],"collection":[{"href":"https:\/\/dekoracyjnacegla.pl\/de\/wp-json\/wp\/v2\/realization"}],"about":[{"href":"https:\/\/dekoracyjnacegla.pl\/de\/wp-json\/wp\/v2\/types\/realization"}],"version-history":[{"count":1,"href":"https:\/\/dekoracyjnacegla.pl\/de\/wp-json\/wp\/v2\/realization\/24563\/revisions"}],"predecessor-version":[{"id":24566,"href":"https:\/\/dekoracyjnacegla.pl\/de\/wp-json\/wp\/v2\/realization\/24563\/revisions\/24566"}],"wp:featuredmedia":[{"embeddable":true,"href":"https:\/\/dekoracyjnacegla.pl\/de\/wp-json\/wp\/v2\/media\/21903"}],"wp:attachment":[{"href":"https:\/\/dekoracyjnacegla.pl\/de\/wp-json\/wp\/v2\/media?parent=24563"}],"wp:term":[{"taxonomy":"realization_category","embeddable":true,"href":"https:\/\/dekoracyjnacegla.pl\/de\/wp-json\/wp\/v2\/realization_category?post=24563"}],"curies":[{"name":"wp","href":"https:\/\/api.w.org\/{rel}","templated":true}]}}